{"id":34,"date":"2023-12-23T19:36:54","date_gmt":"2023-12-23T18:36:54","guid":{"rendered":"http:\/\/www.om3ktr.sk\/?page_id=34"},"modified":"2023-12-25T18:19:14","modified_gmt":"2023-12-25T17:19:14","slug":"historia","status":"publish","type":"page","link":"https:\/\/www.om3ktr.sk\/index.php\/historia\/","title":{"rendered":"Hist\u00f3ria"},"content":{"rendered":"<div id='full_slider_1'  class='avia-fullwidth-slider main_color avia-shadow   avia-builder-el-0  el_before_av_heading  avia-builder-el-first   container_wrap sidebar_right'  ><div  class='avia-slideshow av-lqifz102-c02d81b6ab394d599b4c025b791de446 avia-slideshow-featured av_slideshow_full avia-slide-slider av-slideshow-ui av-control-default av-slideshow-manual av-loop-once av-loop-manual-endless av-default-height-applied   avia-slideshow-1' data-slideshow-options=\"{&quot;animation&quot;:&quot;slide&quot;,&quot;autoplay&quot;:false,&quot;loop_autoplay&quot;:&quot;once&quot;,&quot;interval&quot;:5,&quot;loop_manual&quot;:&quot;manual-endless&quot;,&quot;autoplay_stopper&quot;:false,&quot;noNavigation&quot;:false,&quot;bg_slider&quot;:false,&quot;keep_padding&quot;:false,&quot;hoverpause&quot;:false,&quot;show_slide_delay&quot;:0}\"  itemprop=\"image\" itemscope=\"itemscope\" itemtype=\"https:\/\/schema.org\/ImageObject\" ><ul class='avia-slideshow-inner ' style='padding-bottom: 28.666666666667%;'><li  class='avia-slideshow-slide av-lqifz102-c02d81b6ab394d599b4c025b791de446__0  av-single-slide slide-1 slide-odd'><div data-rel='slideshow-1' class='avia-slide-wrap '   ><img decoding=\"async\" fetchpriority=\"high\" class=\"wp-image-51 avia-img-lazy-loading-not-51\"  src=\"https:\/\/www.om3ktr.sk\/wp-content\/uploads\/2023\/12\/historia_titulka.png\" width=\"1500\" height=\"430\" title='historia_titulka' alt=''  itemprop=\"thumbnailUrl\"   \/><\/div><\/li><\/ul><\/div><\/div><div id='after_full_slider_1'  class='main_color av_default_container_wrap container_wrap sidebar_right'  ><div class='container av-section-cont-open' ><div class='template-page content  av-content-small alpha units'><div class='post-entry post-entry-type-page post-entry-34'><div class='entry-content-wrapper clearfix'>\n\n<style type=\"text\/css\" data-created_by=\"avia_inline_auto\" id=\"style-css-av-lqimlr69-c21f4fd5950fbaceb1a97a628127f342\">\n#top .av-special-heading.av-lqimlr69-c21f4fd5950fbaceb1a97a628127f342{\npadding-bottom:10px;\n}\nbody .av-special-heading.av-lqimlr69-c21f4fd5950fbaceb1a97a628127f342 .av-special-heading-tag .heading-char{\nfont-size:25px;\n}\n.av-special-heading.av-lqimlr69-c21f4fd5950fbaceb1a97a628127f342 .av-subheading{\nfont-size:15px;\n}\n<\/style>\n<div  class='av-special-heading av-lqimlr69-c21f4fd5950fbaceb1a97a628127f342 av-special-heading-h3  avia-builder-el-1  el_after_av_slideshow_full  el_before_av_textblock  avia-builder-el-first '><h3 class='av-special-heading-tag'  itemprop=\"headline\"  >Po\u010diatky r\u00e1dioamat\u00e9rstva v Trnave<\/h3><div class=\"special-heading-border\"><div class=\"special-heading-inner-border\"><\/div><\/div><\/div>\n\n<style type=\"text\/css\" data-created_by=\"avia_inline_auto\" id=\"style-css-av-lqieg58m-3db9cd87c544582dba05770efbc3b038\">\n#top .av_textblock_section.av-lqieg58m-3db9cd87c544582dba05770efbc3b038 .avia_textblock{\ntext-align:justify;\n}\n<\/style>\n<section  class='av_textblock_section av-lqieg58m-3db9cd87c544582dba05770efbc3b038 '   itemscope=\"itemscope\" itemtype=\"https:\/\/schema.org\/CreativeWork\" ><div class='avia_textblock'  itemprop=\"text\" ><p>Hist\u00f3ria r\u00e1dioamat\u00e9rov v Trnave je ve\u013emi bohat\u00e1, zlo\u017een\u00e1 z mozaiky uplynul\u00fdch viac ako 75 rokov \u010dinnosti. Tento kr\u00e1tky poh\u013ead do hist\u00f3rie predklad\u00e1 len niektor\u00e9 medzn\u00edky vzniku, \u017eivota a \u010dinnosti. Prv\u00fdch r\u00e1dioamat\u00e9rov v Trnave registrujeme u\u017e v tridsiatych rokoch minul\u00e9ho storo\u010dia. V roku 1935 s\u00fa v evidencii OK3DN, OK3LA, OK3MK, OK3DG a OK1FR, ktor\u00ed p\u00f4sobili na uzem\u00ed Trnavy.<\/p>\n<\/div><\/section>\n\n<style type=\"text\/css\" data-created_by=\"avia_inline_auto\" id=\"style-css-av-lqiekq2m-1da4a3d02b2ccb29c1fcc3e07eee390e\">\n#top .flex_column.av-lqiekq2m-1da4a3d02b2ccb29c1fcc3e07eee390e{\nmargin-top:0px;\nmargin-bottom:15px;\n}\n.flex_column.av-lqiekq2m-1da4a3d02b2ccb29c1fcc3e07eee390e{\nwidth:23.5%;\n}\n.responsive #top #wrap_all .flex_column.av-lqiekq2m-1da4a3d02b2ccb29c1fcc3e07eee390e{\nmargin-top:0px;\nmargin-bottom:15px;\n}\n<\/style>\n<div  class='flex_column av-lqiekq2m-1da4a3d02b2ccb29c1fcc3e07eee390e av_one_fourth  avia-builder-el-3  el_after_av_textblock  el_before_av_one_fourth  first flex_column_div  column-top-margin'     ><p>\n<style type=\"text\/css\" data-created_by=\"avia_inline_auto\" id=\"style-css-av-lqiehydy-1bb6f647c6467ba62ceccd7e56bdde36\">\n.avia-image-container.av-lqiehydy-1bb6f647c6467ba62ceccd7e56bdde36 img.avia_image{\nbox-shadow:none;\n}\n.avia-image-container.av-lqiehydy-1bb6f647c6467ba62ceccd7e56bdde36 .av-image-caption-overlay-center{\ncolor:#ffffff;\n}\n<\/style>\n<div  class='avia-image-container av-lqiehydy-1bb6f647c6467ba62ceccd7e56bdde36 av-styling- avia-align-center  avia-builder-el-4  el_before_av_textblock  avia-builder-el-first '   itemprop=\"image\" itemscope=\"itemscope\" itemtype=\"https:\/\/schema.org\/ImageObject\" ><div class=\"avia-image-container-inner\"><div class=\"avia-image-overlay-wrap\"><img decoding=\"async\" fetchpriority=\"high\" class='wp-image-20 avia-img-lazy-loading-not-20 avia_image ' src=\"https:\/\/www.om3ktr.sk\/wp-content\/uploads\/2023\/12\/ok1la.jpg\" alt='' title='OK1LA'  height=\"272\" width=\"210\"  itemprop=\"thumbnailUrl\"  \/><\/div><\/div><\/div><br \/>\n<section  class='av_textblock_section av-lqihw6vh-fcd32a3f0fdb80b2a3efb39b0541cbd3 '   itemscope=\"itemscope\" itemtype=\"https:\/\/schema.org\/CreativeWork\" ><div class='avia_textblock'  itemprop=\"text\" ><p style=\"text-align: center;\">genplk. Ing. Bohumil Tup\u00fd<br \/>\nOK1LA<\/p>\n<\/div><\/section><\/p><\/div>\n\n<style type=\"text\/css\" data-created_by=\"avia_inline_auto\" id=\"style-css-av-lqielgcf-0c8b175d47dd38868a781de2c38f9224\">\n#top .flex_column.av-lqielgcf-0c8b175d47dd38868a781de2c38f9224{\nmargin-top:0px;\nmargin-bottom:15px;\n}\n.flex_column.av-lqielgcf-0c8b175d47dd38868a781de2c38f9224{\nwidth:23.5%;\nmargin-left:2%;\n}\n.responsive #top #wrap_all .flex_column.av-lqielgcf-0c8b175d47dd38868a781de2c38f9224{\nmargin-top:0px;\nmargin-bottom:15px;\n}\n<\/style>\n<div  class='flex_column av-lqielgcf-0c8b175d47dd38868a781de2c38f9224 av_one_fourth  avia-builder-el-6  el_after_av_one_fourth  el_before_av_one_fourth  flex_column_div  column-top-margin'     ><p>\n<style type=\"text\/css\" data-created_by=\"avia_inline_auto\" id=\"style-css-av-lqieinf7-446918196f37ae7e5f313cd1d5c0f66a\">\n.avia-image-container.av-lqieinf7-446918196f37ae7e5f313cd1d5c0f66a img.avia_image{\nbox-shadow:none;\n}\n.avia-image-container.av-lqieinf7-446918196f37ae7e5f313cd1d5c0f66a .av-image-caption-overlay-center{\ncolor:#ffffff;\n}\n<\/style>\n<div  class='avia-image-container av-lqieinf7-446918196f37ae7e5f313cd1d5c0f66a av-styling- avia-align-center  avia-builder-el-7  el_before_av_textblock  avia-builder-el-first '   itemprop=\"image\" itemscope=\"itemscope\" itemtype=\"https:\/\/schema.org\/ImageObject\" ><div class=\"avia-image-container-inner\"><div class=\"avia-image-overlay-wrap\"><img decoding=\"async\" fetchpriority=\"high\" class='wp-image-17 avia-img-lazy-loading-not-17 avia_image ' src=\"https:\/\/www.om3ktr.sk\/wp-content\/uploads\/2023\/12\/ok3mk.jpg\" alt='' title='OM3MK'  height=\"272\" width=\"210\"  itemprop=\"thumbnailUrl\"  \/><\/div><\/div><\/div><br \/>\n<section  class='av_textblock_section av-lqihy6tp-15f88c0c459878c32b38e34e93be54ed '   itemscope=\"itemscope\" itemtype=\"https:\/\/schema.org\/CreativeWork\" ><div class='avia_textblock'  itemprop=\"text\" ><p style=\"text-align: center;\">Ing. Oskar Macek<br \/>\nOK3MK<\/p>\n<\/div><\/section><\/p><\/div>\n\n<style type=\"text\/css\" data-created_by=\"avia_inline_auto\" id=\"style-css-av-7f8e-9995345c88469b95c1e13c8cad465d6c\">\n#top .flex_column.av-7f8e-9995345c88469b95c1e13c8cad465d6c{\nmargin-top:0px;\nmargin-bottom:15px;\n}\n.flex_column.av-7f8e-9995345c88469b95c1e13c8cad465d6c{\nwidth:23.5%;\nmargin-left:2%;\n}\n.responsive #top #wrap_all .flex_column.av-7f8e-9995345c88469b95c1e13c8cad465d6c{\nmargin-top:0px;\nmargin-bottom:15px;\n}\n<\/style>\n<div  class='flex_column av-7f8e-9995345c88469b95c1e13c8cad465d6c av_one_fourth  avia-builder-el-9  el_after_av_one_fourth  el_before_av_one_fourth  flex_column_div  column-top-margin'     ><p>\n<style type=\"text\/css\" data-created_by=\"avia_inline_auto\" id=\"style-css-av-lqiejd3c-83fc44636043ac978f50c42318cb8318\">\n.avia-image-container.av-lqiejd3c-83fc44636043ac978f50c42318cb8318 img.avia_image{\nbox-shadow:none;\n}\n.avia-image-container.av-lqiejd3c-83fc44636043ac978f50c42318cb8318 .av-image-caption-overlay-center{\ncolor:#ffffff;\n}\n<\/style>\n<div  class='avia-image-container av-lqiejd3c-83fc44636043ac978f50c42318cb8318 av-styling- avia-align-center  avia-builder-el-10  el_before_av_textblock  avia-builder-el-first '   itemprop=\"image\" itemscope=\"itemscope\" itemtype=\"https:\/\/schema.org\/ImageObject\" ><div class=\"avia-image-container-inner\"><div class=\"avia-image-overlay-wrap\"><img decoding=\"async\" fetchpriority=\"high\" class='wp-image-19 avia-img-lazy-loading-not-19 avia_image ' src=\"https:\/\/www.om3ktr.sk\/wp-content\/uploads\/2023\/12\/ok3dg.jpg\" alt='' title='OK3DG'  height=\"272\" width=\"210\"  itemprop=\"thumbnailUrl\"  \/><\/div><\/div><\/div><br \/>\n<section  class='av_textblock_section av-lqihyslb-ee3e2bf7612c1d3794957045d06bdde4 '   itemscope=\"itemscope\" itemtype=\"https:\/\/schema.org\/CreativeWork\" ><div class='avia_textblock'  itemprop=\"text\" ><p style=\"text-align: center;\">Jozef Kr\u010dm\u00e1rik<br \/>\nOK3DG<\/p>\n<\/div><\/section><\/p><\/div>\n\n<style type=\"text\/css\" data-created_by=\"avia_inline_auto\" id=\"style-css-av-192k2-f31ab2e7896397afc3540a943270b7dc\">\n#top .flex_column.av-192k2-f31ab2e7896397afc3540a943270b7dc{\nmargin-top:0px;\nmargin-bottom:15px;\n}\n.flex_column.av-192k2-f31ab2e7896397afc3540a943270b7dc{\nwidth:23.5%;\nmargin-left:2%;\n}\n.responsive #top #wrap_all .flex_column.av-192k2-f31ab2e7896397afc3540a943270b7dc{\nmargin-top:0px;\nmargin-bottom:15px;\n}\n<\/style>\n<div  class='flex_column av-192k2-f31ab2e7896397afc3540a943270b7dc av_one_fourth  avia-builder-el-12  el_after_av_one_fourth  el_before_av_textblock  flex_column_div  column-top-margin'     ><p>\n<style type=\"text\/css\" data-created_by=\"avia_inline_auto\" id=\"style-css-av-lqiejo9x-7e2d3d33530aeff7889e84594ef11742\">\n.avia-image-container.av-lqiejo9x-7e2d3d33530aeff7889e84594ef11742 img.avia_image{\nbox-shadow:none;\n}\n.avia-image-container.av-lqiejo9x-7e2d3d33530aeff7889e84594ef11742 .av-image-caption-overlay-center{\ncolor:#ffffff;\n}\n<\/style>\n<div  class='avia-image-container av-lqiejo9x-7e2d3d33530aeff7889e84594ef11742 av-styling- avia-align-center  avia-builder-el-13  el_before_av_textblock  avia-builder-el-first '   itemprop=\"image\" itemscope=\"itemscope\" itemtype=\"https:\/\/schema.org\/ImageObject\" ><div class=\"avia-image-container-inner\"><div class=\"avia-image-overlay-wrap\"><img decoding=\"async\" fetchpriority=\"high\" class='wp-image-21 avia-img-lazy-loading-not-21 avia_image ' src=\"https:\/\/www.om3ktr.sk\/wp-content\/uploads\/2023\/12\/ok1fr.jpg\" alt='' title='OK1FR'  height=\"272\" width=\"210\"  itemprop=\"thumbnailUrl\"  \/><\/div><\/div><\/div><br \/>\n<section  class='av_textblock_section av-lqihzhn8-7ab6c87f70ddaa605491bc1d96ecdaf5 '   itemscope=\"itemscope\" itemtype=\"https:\/\/schema.org\/CreativeWork\" ><div class='avia_textblock'  itemprop=\"text\" ><p style=\"text-align: center;\">rtm. Franti\u0161ek Fran\u011bk<br \/>\nOK1FR<\/p>\n<\/div><\/section><\/p><\/div>\n\n<style type=\"text\/css\" data-created_by=\"avia_inline_auto\" id=\"style-css-av-lqiihyn1-5dd2415ce7f44dbc99fd12c56b5dcb76\">\n#top .av_textblock_section.av-lqiihyn1-5dd2415ce7f44dbc99fd12c56b5dcb76 .avia_textblock{\ntext-align:justify;\n}\n<\/style>\n<section  class='av_textblock_section av-lqiihyn1-5dd2415ce7f44dbc99fd12c56b5dcb76 '   itemscope=\"itemscope\" itemtype=\"https:\/\/schema.org\/CreativeWork\" ><div class='avia_textblock'  itemprop=\"text\" ><p>Oskar Macek OK3MK p\u00f4sobil v Trnave ako d\u00f4stojn\u00edk \u010ds. arm\u00e1dy u telegrafnej roty v rokoch 1931 &#8211; 1935. Franti\u0161ek Fran\u011bk OK1FR a Jozef Kr\u010dm\u00e1rik OK3DG p\u00f4sobili v Trnave ako vojaci \u010ds. arm\u00e1dy u telegrafnej roty. OK1FR v roku 1930 (svoju koncesiu z\u00edskla v roku 1936) a OK3DG v rokoch 1933 &#8211; 1934.<\/p>\n<\/div><\/section>\n\n<style type=\"text\/css\" data-created_by=\"avia_inline_auto\" id=\"style-css-av-lqieqdb9-1323016ef15266e9c9d2a624571b3107\">\n#top .av_textblock_section.av-lqieqdb9-1323016ef15266e9c9d2a624571b3107 .avia_textblock{\ntext-align:justify;\n}\n<\/style>\n<section  class='av_textblock_section av-lqieqdb9-1323016ef15266e9c9d2a624571b3107 '   itemscope=\"itemscope\" itemtype=\"https:\/\/schema.org\/CreativeWork\" ><div class='avia_textblock'  itemprop=\"text\" ><p>Zachovali sa n\u00e1m QSL l\u00edstky Oscara Maceka OK3MK a Jozefa Kr\u010dm\u00e1rika OK3DG:<\/p>\n<\/div><\/section>\n\n<style type=\"text\/css\" data-created_by=\"avia_inline_auto\" id=\"style-css-av-lqiest8b-faa7d91efd065ae4a340fdc4f9b40ad0\">\n#top .flex_column.av-lqiest8b-faa7d91efd065ae4a340fdc4f9b40ad0{\nmargin-top:0px;\nmargin-bottom:15px;\n}\n.flex_column.av-lqiest8b-faa7d91efd065ae4a340fdc4f9b40ad0{\nwidth:49%;\n}\n.responsive #top #wrap_all .flex_column.av-lqiest8b-faa7d91efd065ae4a340fdc4f9b40ad0{\nmargin-top:0px;\nmargin-bottom:15px;\n}\n<\/style>\n<div  class='flex_column av-lqiest8b-faa7d91efd065ae4a340fdc4f9b40ad0 av_one_half  avia-builder-el-17  el_after_av_textblock  el_before_av_one_half  first flex_column_div  column-top-margin'     ><style type=\"text\/css\" data-created_by=\"avia_inline_auto\" id=\"style-css-av-lqieubwm-c9599627283f6b538a9185934a76bd37\">\n.avia-image-container.av-lqieubwm-c9599627283f6b538a9185934a76bd37 img.avia_image{\nbox-shadow:none;\n}\n.avia-image-container.av-lqieubwm-c9599627283f6b538a9185934a76bd37 .av-image-caption-overlay-center{\ncolor:#ffffff;\n}\n<\/style>\n<div  class='avia-image-container av-lqieubwm-c9599627283f6b538a9185934a76bd37 av-styling- avia-align-center  avia-builder-el-18  avia-builder-el-no-sibling '   itemprop=\"image\" itemscope=\"itemscope\" itemtype=\"https:\/\/schema.org\/ImageObject\" ><div class=\"avia-image-container-inner\"><div class=\"avia-image-overlay-wrap\"><img decoding=\"async\" fetchpriority=\"high\" class='wp-image-23 avia-img-lazy-loading-not-23 avia_image ' src=\"https:\/\/www.om3ktr.sk\/wp-content\/uploads\/2023\/12\/ok3dg_qsl.jpg\" alt='' title='ok3dg_qsl'  height=\"596\" width=\"900\"  itemprop=\"thumbnailUrl\"  \/><\/div><\/div><\/div><\/div>\n\n<style type=\"text\/css\" data-created_by=\"avia_inline_auto\" id=\"style-css-av-posm-7e277fc64d0557d4500ce83d59e1f24d\">\n#top .flex_column.av-posm-7e277fc64d0557d4500ce83d59e1f24d{\nmargin-top:0px;\nmargin-bottom:15px;\n}\n.flex_column.av-posm-7e277fc64d0557d4500ce83d59e1f24d{\nwidth:49%;\nmargin-left:2%;\n}\n.responsive #top #wrap_all .flex_column.av-posm-7e277fc64d0557d4500ce83d59e1f24d{\nmargin-top:0px;\nmargin-bottom:15px;\n}\n<\/style>\n<div  class='flex_column av-posm-7e277fc64d0557d4500ce83d59e1f24d av_one_half  avia-builder-el-19  el_after_av_one_half  el_before_av_textblock  flex_column_div  column-top-margin'     ><p><br \/>\n\n<style type=\"text\/css\" data-created_by=\"avia_inline_auto\" id=\"style-css-av-lqihe154-24d6f5ac8b206e1257cba4a15f717345\">\n.avia-image-container.av-lqihe154-24d6f5ac8b206e1257cba4a15f717345 img.avia_image{\nbox-shadow:none;\n}\n.avia-image-container.av-lqihe154-24d6f5ac8b206e1257cba4a15f717345 .av-image-caption-overlay-center{\ncolor:#ffffff;\n}\n<\/style>\n<div  class='avia-image-container av-lqihe154-24d6f5ac8b206e1257cba4a15f717345 av-styling- avia-align-center  avia-builder-el-21  el_after_av_image  avia-builder-el-last '   itemprop=\"image\" itemscope=\"itemscope\" itemtype=\"https:\/\/schema.org\/ImageObject\" ><div class=\"avia-image-container-inner\"><div class=\"avia-image-overlay-wrap\"><img decoding=\"async\" fetchpriority=\"high\" class='wp-image-68 avia-img-lazy-loading-not-68 avia_image ' src=\"https:\/\/www.om3ktr.sk\/wp-content\/uploads\/2023\/12\/ok3mk_qsl.jpg\" alt='' title='ok3mk_qsl'  height=\"563\" width=\"850\"  itemprop=\"thumbnailUrl\"  \/><\/div><\/div><\/div><\/p><\/div>\n\n<style type=\"text\/css\" data-created_by=\"avia_inline_auto\" id=\"style-css-av-lqiexkeg-afab17835aa21c1359c469b698ee7710\">\n#top .av_textblock_section.av-lqiexkeg-afab17835aa21c1359c469b698ee7710 .avia_textblock{\ntext-align:justify;\n}\n<\/style>\n<section  class='av_textblock_section av-lqiexkeg-afab17835aa21c1359c469b698ee7710 '   itemscope=\"itemscope\" itemtype=\"https:\/\/schema.org\/CreativeWork\" ><div class='avia_textblock'  itemprop=\"text\" ><p>V roku 1948 zaklad\u00e1 profesor Jozef Bajan spolu z dvomi \u0161tudentami \u013dudov\u00edtom Ondri\u0161om a Richardom de Reyom radistick\u00fd kr\u00fa\u017eok pri 11 ro\u010dnej \u0161kole (Gymn\u00e1zium). Tam sa \u0161tudenti vzdel\u00e1vali v r\u00e1dioamat\u00e9rskej praxi pri po\u010d\u00favan\u00ed na r\u00e1dioamat\u00e9rskych p\u00e1smach a v technickej zru\u010dnosti pri zhotovovan\u00ed jednoduch\u00fdch pr\u00edstrojov. Nesk\u00f4r poriadaj\u00fa i v\u00fdstavy r\u00e1dioprij\u00edma\u010dov a pr\u00edstrojov, ktor\u00e9 sami zhotovili. Postupne sa \u010fal\u0161\u00edmi \u010dlenmi kr\u00fa\u017eku stali \u0161tudenti Stano Va\u017eeck\u00fd OK3WM, Milan Furko OK3WW, Peter Vali\u0161 OK3CMW, Karol L\u00e1ger OK3CDX, Ivan Gara\u017eia OK3CDW, Jan Korcak OK3NM, Ivan Wilhelm, Roland Kan\u00edk, Ivan Stanek, Palo Repta a Bohu\u0161 Chmel\u00edk<\/p>\n<p>Koncom roku 1950 sa rozhodli, \u017ee si podaj\u00fa \u017eiados\u0165 o pridelenie r\u00e1dioamat\u00e9rskej koncesie pre klubov\u00fa stanicu. Zna\u010dku si zvolili OK3OTR.<\/p>\n<\/div><\/section>\n\n<style type=\"text\/css\" data-created_by=\"avia_inline_auto\" id=\"style-css-av-lqksiyqv-c61b70204843fb1d081f9bfbdfa1d9ca\">\n#top .av-special-heading.av-lqksiyqv-c61b70204843fb1d081f9bfbdfa1d9ca{\npadding-bottom:10px;\n}\nbody .av-special-heading.av-lqksiyqv-c61b70204843fb1d081f9bfbdfa1d9ca .av-special-heading-tag .heading-char{\nfont-size:25px;\n}\n.av-special-heading.av-lqksiyqv-c61b70204843fb1d081f9bfbdfa1d9ca .av-subheading{\nfont-size:15px;\n}\n<\/style>\n<div  class='av-special-heading av-lqksiyqv-c61b70204843fb1d081f9bfbdfa1d9ca av-special-heading-h3  avia-builder-el-23  el_after_av_textblock  el_before_av_timeline '><h3 class='av-special-heading-tag'  itemprop=\"headline\"  >Historick\u00e1 \u010dasov\u00e1 os kolekt\u00edvnych stan\u00edc v Trnave<\/h3><div class=\"special-heading-border\"><div class=\"special-heading-inner-border\"><\/div><\/div><\/div>\n<div  id=\"avia-timeline-1\"  class='avia-timeline-container av-lqkshb9l-213aa967476c5929592fb548d42863e2 av-slideshow-ui  avia-builder-el-24  el_after_av_heading  el_before_av_heading ' ><ul class='avia-timeline avia-timeline-vertical av-milestone-placement-alternate avia-timeline-boxshadow avia_animate_when_almost_visible avia-timeline-animate'>\n<li  class='av-milestone av-lqksdbn6-486bc89925388ca01b2fa96ddb5f82e7 av-animated-generic fade-in av-milestone-valign-middle av-milestone-odd'><h2 class='av-milestone-date ' id='milestone-1951'><strong>1951<span class='av-milestone-indicator'><\/span><\/strong><\/h2><div class=\"av-milestone-icon-wrap\"><span class='av-milestone-icon milestone_icon avia-font-entypo-fontello'><span class='av-milestone-icon-inner milestone_inner'><i class='milestone-char' aria-hidden='true' data-av_icon='\ue808' data-av_iconfont='entypo-fontello'><\/i><\/span><\/span><\/div><article class='av-milestone-content-wrap'><div class='av-milestone-contentbox'><header class=\"entry-content-header\"><h4 class='av-milestone-title '>OK3OTR<\/h4><\/header><div class='av-milestone-content'><p>Ako prv\u00e1 kolekt\u00edvna stanica vznikla v roku 1951 pri 11 ro\u010dnej \u009akole (Gymn\u00e1zium). Jej zakladate\u013e a prv\u00fd ved\u00faci oper\u00e1tor bol Jozef Bajan OK3BF.<\/p>\n<\/div><\/div><footer class='av-milestone-article-footer entry-footer'><\/footer><\/article><\/li>\n<li  class='av-milestone av-lqkse0ev-f9e08b65d7a73866a75023f797595503 av-animated-generic fade-in av-milestone-valign-middle av-milestone-even'><h2 class='av-milestone-date ' id='milestone-1952'><strong>1952<span class='av-milestone-indicator'><\/span><\/strong><\/h2><article class='av-milestone-content-wrap'><div class='av-milestone-contentbox'><header class=\"entry-content-header\"><h4 class='av-milestone-title '>OK3KTR<\/h4><\/header><div class='av-milestone-content'><p>V roku 1952 po prechode pod Zv\u00e4zarm bola kolekt\u00edvna stanica OK3OTR premenovan\u00e1 na OK3KTR.<\/p>\n<\/div><\/div><footer class='av-milestone-article-footer entry-footer'><\/footer><\/article><div class=\"av-milestone-icon-wrap\"><span class='av-milestone-icon milestone_icon avia-font-entypo-fontello'><span class='av-milestone-icon-inner milestone_inner'><i class='milestone-char' aria-hidden='true' data-av_icon='\ue821' data-av_iconfont='entypo-fontello'><\/i><\/span><\/span><\/div><h2 class='av-milestone-date ' id='milestone-1952'><strong>1952<span class='av-milestone-indicator'><\/span><\/strong><\/h2><\/li>\n<li  class='av-milestone av-lqksevqv-77ca18ec5c9c431b17cbdde9541b622c av-animated-generic fade-in av-milestone-valign-middle av-milestone-odd'><h2 class='av-milestone-date ' id='milestone-1953'><strong>1953<span class='av-milestone-indicator'><\/span><\/strong><\/h2><div class=\"av-milestone-icon-wrap\"><span class='av-milestone-icon milestone_icon avia-font-entypo-fontello'><span class='av-milestone-icon-inner milestone_inner'><i class='milestone-char' aria-hidden='true' data-av_icon='\ue8c9' data-av_iconfont='entypo-fontello'><\/i><\/span><\/span><\/div><article class='av-milestone-content-wrap'><div class='av-milestone-contentbox'><header class=\"entry-content-header\"><h4 class='av-milestone-title '>OK3KHM<\/h4><\/header><div class='av-milestone-content'><p>V roku 1953 vznikla kolekt\u00edvna stanica pri 11 ro\u010dnej \u009a\u0161kole (Gymn\u00e1zium). Jej zakladate\u013eom bol Stano Va\u009e\u017eeck\u00fd OK3WM.<\/p>\n<\/div><\/div><footer class='av-milestone-article-footer entry-footer'><\/footer><\/article><\/li>\n<li  class='av-milestone av-lqksfq5n-77beea9092838a44aa2af53bf2772a02 av-animated-generic fade-in av-milestone-valign-middle av-milestone-even'><h2 class='av-milestone-date ' id='milestone-1956'><strong>1956<span class='av-milestone-indicator'><\/span><\/strong><\/h2><article class='av-milestone-content-wrap'><div class='av-milestone-contentbox'><header class=\"entry-content-header\"><h4 class='av-milestone-title '>OK3KOT<\/h4><\/header><div class='av-milestone-content'><p>V roku 1956 vznikla kolekt\u00edvna r\u00e1diostanica pri n.p. Kovosmalt Trnava. Jej zakladate\u013eom bol Richard Nov\u00e1k OK3CCE.<\/p>\n<\/div><\/div><footer class='av-milestone-article-footer entry-footer'><\/footer><\/article><div class=\"av-milestone-icon-wrap\"><span class='av-milestone-icon milestone_icon avia-font-entypo-fontello'><span class='av-milestone-icon-inner milestone_inner'><i class='milestone-char' aria-hidden='true' data-av_icon='\ue85a' data-av_iconfont='entypo-fontello'><\/i><\/span><\/span><\/div><h2 class='av-milestone-date ' id='milestone-1956'><strong>1956<span class='av-milestone-indicator'><\/span><\/strong><\/h2><\/li>\n<li  class='av-milestone av-lqksgido-98ce093074a7171eddfc97dbb737e57b av-animated-generic fade-in av-milestone-valign-middle av-milestone-odd'><h2 class='av-milestone-date ' id='milestone-1970'><strong>1970<span class='av-milestone-indicator'><\/span><\/strong><\/h2><div class=\"av-milestone-icon-wrap\"><span class='av-milestone-icon milestone_icon avia-font-entypo-fontello'><span class='av-milestone-icon-inner milestone_inner'><i class='milestone-char' aria-hidden='true' data-av_icon='\ue856' data-av_iconfont='entypo-fontello'><\/i><\/span><\/span><\/div><article class='av-milestone-content-wrap'><div class='av-milestone-contentbox'><header class=\"entry-content-header\"><h4 class='av-milestone-title '>OK3KXE<\/h4><\/header><div class='av-milestone-content'><p>V roku 1970 vznikla kolekt\u00edvna stanica pri n.p. TAZ Trnava. Jej ved\u00faci oper\u00e1tor bol Miro Maz\u00far OK3TAT.<\/p>\n<\/div><\/div><footer class='av-milestone-article-footer entry-footer'><\/footer><\/article><\/li>\n<li  class='av-milestone av-lqksh9dn-b2b741e9769260467b38f1830c269f58 av-animated-generic fade-in av-milestone-valign-middle av-milestone-even'><h2 class='av-milestone-date ' id='milestone-1997'><strong>1997<span class='av-milestone-indicator'><\/span><\/strong><\/h2><article class='av-milestone-content-wrap'><div class='av-milestone-contentbox'><header class=\"entry-content-header\"><h4 class='av-milestone-title '>OM3RTR<\/h4><\/header><div class='av-milestone-content'><p>V roku 1997 vznikol Paket Radio klub OM3RTR. Ved\u00faci oper\u00e1tor bol Ivan Kuracina OM2IK.<\/p>\n<\/div><\/div><footer class='av-milestone-article-footer entry-footer'><\/footer><\/article><div class=\"av-milestone-icon-wrap\"><span class='av-milestone-icon milestone_icon avia-font-entypo-fontello'><span class='av-milestone-icon-inner milestone_inner'><i class='milestone-char' aria-hidden='true' data-av_icon='\ue8ab' data-av_iconfont='entypo-fontello'><\/i><\/span><\/span><\/div><h2 class='av-milestone-date ' id='milestone-1997'><strong>1997<span class='av-milestone-indicator'><\/span><\/strong><\/h2><\/li>\n<\/ul><\/div>\n\n<style type=\"text\/css\" data-created_by=\"avia_inline_auto\" id=\"style-css-av-lqimpfla-aed0b6c4a048752602f101da40256f8b\">\n#top .av-special-heading.av-lqimpfla-aed0b6c4a048752602f101da40256f8b{\npadding-bottom:10px;\n}\nbody .av-special-heading.av-lqimpfla-aed0b6c4a048752602f101da40256f8b .av-special-heading-tag .heading-char{\nfont-size:25px;\n}\n.av-special-heading.av-lqimpfla-aed0b6c4a048752602f101da40256f8b .av-subheading{\nfont-size:15px;\n}\n<\/style>\n<div  class='av-special-heading av-lqimpfla-aed0b6c4a048752602f101da40256f8b av-special-heading-h3  avia-builder-el-25  el_after_av_timeline  el_before_av_textblock '><h3 class='av-special-heading-tag'  itemprop=\"headline\"  >Kolekt\u00edvna stanica OK3OTR\/OK3KTR<\/h3><div class=\"special-heading-border\"><div class=\"special-heading-inner-border\"><\/div><\/div><\/div>\n\n<style type=\"text\/css\" data-created_by=\"avia_inline_auto\" id=\"style-css-av-lqimnqkk-65b9369f695a8eeef2849c9a81c37737\">\n#top .av_textblock_section.av-lqimnqkk-65b9369f695a8eeef2849c9a81c37737 .avia_textblock{\ntext-align:justify;\n}\n<\/style>\n<section  class='av_textblock_section av-lqimnqkk-65b9369f695a8eeef2849c9a81c37737 '   itemscope=\"itemscope\" itemtype=\"https:\/\/schema.org\/CreativeWork\" ><div class='avia_textblock'  itemprop=\"text\" ><p>R\u00e1dioamat\u00e9rska vysielacia kolekt\u00edvna stanica OK3OTR, vznikla v roku 1951 pri 11 ro\u010dnej \u0161kole v Trnave (Gymn\u00e1zium) ako jedna z prv\u00fdch kolekt\u00edvnych stan\u00edc na Slovensku. Jej zakladate\u013e a prv\u00fd ved\u00faci oper\u00e1tor (vtedy e\u0161te zodpovedn\u00fd oper\u00e1tor) bol profesor Jozef Bajan OK3BF.<\/p>\n<\/div><\/section>\n\n<style type=\"text\/css\" data-created_by=\"avia_inline_auto\" id=\"style-css-av-lqktr4kt-2a9657961203f37a196c2f2825db54e5\">\n#top .flex_column.av-lqktr4kt-2a9657961203f37a196c2f2825db54e5{\nmargin-top:0px;\nmargin-bottom:0px;\n}\n.responsive #top #wrap_all .flex_column.av-lqktr4kt-2a9657961203f37a196c2f2825db54e5{\nmargin-top:0px;\nmargin-bottom:0px;\n}\n<\/style>\n<div  class='flex_column av-lqktr4kt-2a9657961203f37a196c2f2825db54e5 av_one_half  avia-builder-el-27  el_after_av_textblock  el_before_av_one_half  first flex_column_div  column-top-margin'     ><p>\n<style type=\"text\/css\" data-created_by=\"avia_inline_auto\" id=\"style-css-av-lqiitm6f-e49f84ba020420352d56ee900e734c4f\">\n.avia-image-container.av-lqiitm6f-e49f84ba020420352d56ee900e734c4f img.avia_image{\nbox-shadow:none;\n}\n.avia-image-container.av-lqiitm6f-e49f84ba020420352d56ee900e734c4f .av-image-caption-overlay-center{\ncolor:#ffffff;\n}\n<\/style>\n<div  class='avia-image-container av-lqiitm6f-e49f84ba020420352d56ee900e734c4f av-styling- avia-align-center  avia-builder-el-28  el_before_av_textblock  avia-builder-el-first '   itemprop=\"image\" itemscope=\"itemscope\" itemtype=\"https:\/\/schema.org\/ImageObject\" ><div class=\"avia-image-container-inner\"><div class=\"avia-image-overlay-wrap\"><img decoding=\"async\" fetchpriority=\"high\" class='wp-image-87 avia-img-lazy-loading-not-87 avia_image ' src=\"https:\/\/www.om3ktr.sk\/wp-content\/uploads\/2023\/12\/bajan.jpg\" alt='' title='Bajan_Vazecky'  height=\"375\" width=\"600\"  itemprop=\"thumbnailUrl\"  \/><\/div><\/div><\/div><br \/>\n<section  class='av_textblock_section av-lqiivjf4-cc133a6fc16128377e2875c45daf48aa '   itemscope=\"itemscope\" itemtype=\"https:\/\/schema.org\/CreativeWork\" ><div class='avia_textblock'  itemprop=\"text\" ><p style=\"text-align: center;\">Jozef Bajan OK3BF so Stanom Va\u017eeck\u00fdm OK3WM<\/p>\n<\/div><\/section><\/p><\/div>\n\n<style type=\"text\/css\" data-created_by=\"avia_inline_auto\" id=\"style-css-av-z7ma-1bb2cf6dccf9132451e0cdf12ee82bdc\">\n#top .flex_column.av-z7ma-1bb2cf6dccf9132451e0cdf12ee82bdc{\nmargin-top:0px;\nmargin-bottom:0px;\n}\n.responsive #top #wrap_all .flex_column.av-z7ma-1bb2cf6dccf9132451e0cdf12ee82bdc{\nmargin-top:0px;\nmargin-bottom:0px;\n}\n<\/style>\n<div  class='flex_column av-z7ma-1bb2cf6dccf9132451e0cdf12ee82bdc av_one_half  avia-builder-el-30  el_after_av_one_half  el_before_av_textblock  flex_column_div  column-top-margin'     ><p><br \/>\n\n<style type=\"text\/css\" data-created_by=\"avia_inline_auto\" id=\"style-css-av-lqktzaoh-c29f8f1d8c7160cc97e16ba360b778c4\">\n.avia-image-container.av-lqktzaoh-c29f8f1d8c7160cc97e16ba360b778c4 img.avia_image{\nbox-shadow:none;\n}\n.avia-image-container.av-lqktzaoh-c29f8f1d8c7160cc97e16ba360b778c4 .av-image-caption-overlay-center{\ncolor:#ffffff;\n}\n<\/style>\n<div  class='avia-image-container av-lqktzaoh-c29f8f1d8c7160cc97e16ba360b778c4 av-styling- avia-align-center  avia-builder-el-32  el_after_av_image  el_before_av_image '   itemprop=\"image\" itemscope=\"itemscope\" itemtype=\"https:\/\/schema.org\/ImageObject\" ><div class=\"avia-image-container-inner\"><div class=\"avia-image-overlay-wrap\"><img decoding=\"async\" fetchpriority=\"high\" class='wp-image-186 avia-img-lazy-loading-not-186 avia_image ' src=\"https:\/\/www.om3ktr.sk\/wp-content\/uploads\/2023\/12\/ok3otr_qsl.jpg\" alt='' title='ok3otr_qsl'  height=\"500\" width=\"840\"  itemprop=\"thumbnailUrl\"  \/><\/div><\/div><\/div><br \/>\n<\/p><\/div>\n\n<style type=\"text\/css\" data-created_by=\"avia_inline_auto\" id=\"style-css-av-lqij49e8-33ba536068f75dc0abf86e312d3cd58e\">\n#top .av_textblock_section.av-lqij49e8-33ba536068f75dc0abf86e312d3cd58e .avia_textblock{\ntext-align:justify;\n}\n<\/style>\n<section  class='av_textblock_section av-lqij49e8-33ba536068f75dc0abf86e312d3cd58e '   itemscope=\"itemscope\" itemtype=\"https:\/\/schema.org\/CreativeWork\" ><div class='avia_textblock'  itemprop=\"text\" ><p>\u010ea\u013e\u0161\u00ed \u010dlenovia boli \u013dudov\u00edt Ondri\u0161 OK3EM, Richard de Reya OK3CBK, Stano Va\u017eeck\u00fd OK3WM, Milan Furko OK3WW, Peter Vali\u0161 OK3CMW, J\u00e1n Kor\u010d\u00e1k OK3NM, Karol L\u00e1ger OK3CDX, Ivan Gara\u017eia OK3CDW, Harry \u010cin\u010dura OK3EA, Ivan Wilhelm, Roland Kan\u00edk, Ivan Stanek, Pa\u013eo Repta a Bohu\u0161 Chmel\u00edk.<\/p>\n<p>Do konca roku 1951 r\u00e1dioamat\u00e9ri patrili pod Revolu\u010dne odborov\u00e9 hnutie &#8211; ROH. V roku 1952 bol zalo\u017een\u00fd Zv\u00e4zarm a r\u00e1dioamat\u00e9ri boli za\u010dlenen\u00ed do tejto organiz\u00e1cie a koncom roka bola premenovan\u00e1 na OK3KTR.<\/p>\n<\/div><\/section>\n\n<style type=\"text\/css\" data-created_by=\"avia_inline_auto\" id=\"style-css-av-lqijcv0y-060a30c429a4d02175cef9e469f88d90\">\n#top .av_textblock_section.av-lqijcv0y-060a30c429a4d02175cef9e469f88d90 .avia_textblock{\ntext-align:justify;\n}\n<\/style>\n<section  class='av_textblock_section av-lqijcv0y-060a30c429a4d02175cef9e469f88d90 '   itemscope=\"itemscope\" itemtype=\"https:\/\/schema.org\/CreativeWork\" ><div class='avia_textblock'  itemprop=\"text\" ><p>Ke\u010f\u017ee profesor Bajan &#8211; zodpovedn\u00fd oper\u00e1tor OK3KTR mal v \u0161kolskom roku 1953\/54 prest\u00fapi\u0165 na Stredn\u00fa priemyslov\u00fa \u0161kolu a OK3KTR chcel zobra\u0165 zo sebou, tak sa chlapci rozhodli z iniciat\u00edvy Stana Va\u017eeck\u00e9ho a Milana Furku, \u017ee si na Gymnaziu zalo\u017eia vlastn\u00fa kolekt\u00edvnu stanicu. A tak sa aj stalo.<\/p>\n<p>V roku 1953 bola zalo\u017een\u00e1 kolekt\u00edvna stanica OK3KHM. Jej zakladate\u013eom boli Stano OK3WM a Milan OK3WW a prv\u00fdm VO sa stal Stano Va\u017eeck\u00fd OK3WM. Zvl\u00e1\u0161tne bolo to, \u017ee ur\u010dit\u00fa dobu boli na Gymn\u00e1ziu 2 kolekt\u00edvky (OK3KTR a OK3KHM) ale iba jedno vysielacie zariadenie.<\/p>\n<p>OK3KHM mala v \u010dase svojej \u010dinnosti nasledovn\u00fdch \u010dlenov: Stano Va\u017eeck\u00fd OK3WM, Milan Furko OK3WW\/, Peter Vali\u0161 OK3CMW, J\u00e1n Kor\u010d\u00e1k OK3NM, Karol L\u00e1ger OK3CDX, Ivan Gara\u017eia OK3CDW, Harry \u010cin\u010dura OK3EA, Ivan Wilhelm, Roland Kan\u00edk, Ivan Stanek, Pa\u013eo Repta a Bohu\u0161 Chmel\u00edk. \u010clenovia boli vlastne \u0161tudenti Gymn\u00e1zia, ktor\u00ed v tom obdob\u00ed nav\u0161tevovali \u0161kolu.<\/p>\n<p>Po rokoch \u0161t\u00fadia \u010dlenovia OK3KHM postupne \u0161kolu op\u00fa\u0161\u0165ali a \u0161kolsk\u00e9 z\u00e1zemie sa str\u00e1calo, nov\u00ed \u010dlenovia neprib\u00fadali a star\u00ed mali probl\u00e9m sa na \u0161kolu dosta\u0165. Vtedy pomohol OV Zv\u00e4zarmu, pod ktor\u00fd u\u017e v tej dobe r\u00e1dioamat\u00e9ri patrili a uvo\u013enil pre r\u00e1diomat\u00e9rov vo svojej budove miestosti pre r\u00e1dioklub.<\/p>\n<p>V roku 1957 sa OK3KHM pres\u0165ahovala do budovy Zv\u00e4zarmu na Radlinsk\u00e9ho ulici. Pre pracovn\u00e9 zanepr\u00e1zdnenie sa profesor Bajan vzd\u00e1va funkcie ved\u00faceho oper\u00e1tora OK3KTR. Funkciu po \u0148om preber\u00e1 \u013dudov\u00edt Ondri\u0161 OK3EM.<\/p>\n<\/div><\/section>\n\n<style type=\"text\/css\" data-created_by=\"avia_inline_auto\" id=\"style-css-av-lqiksbaq-ca81d04827edfc6a1d3711cc7520750d\">\n#top .avia-gallery.av-lqiksbaq-ca81d04827edfc6a1d3711cc7520750d .avia-gallery-thumb a{\nwidth:33.3333%;\n}\n<\/style>\n<div  class='avia-gallery av-lqiksbaq-ca81d04827edfc6a1d3711cc7520750d avia_animate_when_visible  avia-builder-el-36  el_after_av_textblock  el_before_av_textblock  avia_lazyload avia-gallery-animate avia-gallery-1'  itemprop=\"image\" itemscope=\"itemscope\" itemtype=\"https:\/\/schema.org\/ImageObject\" ><meta itemprop=\"contentURL\" content=\"https:\/\/www.om3ktr.sk\/index.php\/historia\/\"><div class='avia-gallery-thumb'><a href=\"https:\/\/www.om3ktr.sk\/wp-content\/uploads\/2023\/12\/3.jpg\" data-rel='gallery-1' data-prev-img='https:\/\/www.om3ktr.sk\/wp-content\/uploads\/2023\/12\/3.jpg' class='first_thumb lightbox ' data-onclick='1' title='MIlan Furko Ok3WW'  itemprop=\"thumbnailUrl\"  ><img decoding=\"async\" fetchpriority=\"high\" class=\"wp-image-106 avia-img-lazy-loading-not-106\"   src=\"https:\/\/www.om3ktr.sk\/wp-content\/uploads\/2023\/12\/3.jpg\" width=\"260\" height=\"168\"  title='' alt='' \/><div class='big-prev-fake'><img decoding=\"async\" loading=\"lazy\" class=\"wp-image-106 avia-img-lazy-loading-106\"  width=\"495\" height=\"320\" src=\"https:\/\/www.om3ktr.sk\/wp-content\/uploads\/2023\/12\/3.jpg\" title='' alt='' \/><\/div><\/a><a href=\"https:\/\/www.om3ktr.sk\/wp-content\/uploads\/2023\/12\/2.jpg\" data-rel='gallery-1' data-prev-img='https:\/\/www.om3ktr.sk\/wp-content\/uploads\/2023\/12\/2.jpg' class='lightbox ' data-onclick='2' title='OK3OTR - 1951&lt;br&gt;&lt;br&gt;Zprava stoj\u00ed Richard de Reya OK3CBK a Dodo Ondri\u0161 OK3EM, sed\u00ed zprava Jozef Bajan OK3BF'  itemprop=\"thumbnailUrl\"  ><img decoding=\"async\" fetchpriority=\"high\" class=\"wp-image-107 avia-img-lazy-loading-not-107\"   src=\"https:\/\/www.om3ktr.sk\/wp-content\/uploads\/2023\/12\/2.jpg\" width=\"260\" height=\"168\"  title='' alt='' \/><div class='big-prev-fake'><img decoding=\"async\" loading=\"lazy\" class=\"wp-image-107 avia-img-lazy-loading-107\"  width=\"495\" height=\"320\" src=\"https:\/\/www.om3ktr.sk\/wp-content\/uploads\/2023\/12\/2.jpg\" title='' alt='' \/><\/div><\/a><a href=\"https:\/\/www.om3ktr.sk\/wp-content\/uploads\/2023\/12\/1.jpg\" data-rel='gallery-1' data-prev-img='https:\/\/www.om3ktr.sk\/wp-content\/uploads\/2023\/12\/1.jpg' class='lightbox ' data-onclick='3' title='OK3KTR - 1953 &lt;br&gt;&lt;br&gt;Pri tlg. k\u013e\u00fa\u010di Pavel Horv\u00e1t - OK3IA'  itemprop=\"thumbnailUrl\"  ><img decoding=\"async\" fetchpriority=\"high\" class=\"wp-image-108 avia-img-lazy-loading-not-108\"   src=\"https:\/\/www.om3ktr.sk\/wp-content\/uploads\/2023\/12\/1.jpg\" width=\"260\" height=\"168\"  title='' alt='' \/><div class='big-prev-fake'><img decoding=\"async\" loading=\"lazy\" class=\"wp-image-108 avia-img-lazy-loading-108\"  width=\"495\" height=\"320\" src=\"https:\/\/www.om3ktr.sk\/wp-content\/uploads\/2023\/12\/1.jpg\" title='' alt='' \/><\/div><\/a><a href=\"https:\/\/www.om3ktr.sk\/wp-content\/uploads\/2023\/12\/5.jpg\" data-rel='gallery-1' data-prev-img='https:\/\/www.om3ktr.sk\/wp-content\/uploads\/2023\/12\/5.jpg' class='first_thumb lightbox ' data-onclick='4' title='Radioklub OK3KTR - 1958 - VKV pracovisko.&lt;br&gt;&lt;br&gt;Z\u013eava Jano Straka, Ivan Gara\u017eia OK3CDW\/OM3DW v pozad\u00ed pri Lambde 5 nezn\u00e1my'  itemprop=\"thumbnailUrl\"  ><img decoding=\"async\" fetchpriority=\"high\" class=\"wp-image-104 avia-img-lazy-loading-not-104\"   src=\"https:\/\/www.om3ktr.sk\/wp-content\/uploads\/2023\/12\/5.jpg\" width=\"260\" height=\"168\"  title='' alt='' \/><div class='big-prev-fake'><img decoding=\"async\" loading=\"lazy\" class=\"wp-image-104 avia-img-lazy-loading-104\"  width=\"495\" height=\"320\" src=\"https:\/\/www.om3ktr.sk\/wp-content\/uploads\/2023\/12\/5.jpg\" title='' alt='' \/><\/div><\/a><a href=\"https:\/\/www.om3ktr.sk\/wp-content\/uploads\/2023\/12\/6.jpg\" data-rel='gallery-1' data-prev-img='https:\/\/www.om3ktr.sk\/wp-content\/uploads\/2023\/12\/6.jpg' class='lightbox ' data-onclick='5' title='Uk\u00e1\u017ekov\u00fd de\u0148 radioamaterskej \u010dinnosti.&lt;br&gt;&lt;br&gt;Z\u013eava Jano Straka a Dodo Ondris - OK3EM\/OM3EM'  itemprop=\"thumbnailUrl\"  ><img decoding=\"async\" fetchpriority=\"high\" class=\"wp-image-103 avia-img-lazy-loading-not-103\"   src=\"https:\/\/www.om3ktr.sk\/wp-content\/uploads\/2023\/12\/6.jpg\" width=\"260\" height=\"168\"  title='' alt='' \/><div class='big-prev-fake'><img decoding=\"async\" loading=\"lazy\" class=\"wp-image-103 avia-img-lazy-loading-103\"  width=\"495\" height=\"320\" src=\"https:\/\/www.om3ktr.sk\/wp-content\/uploads\/2023\/12\/6.jpg\" title='' alt='' \/><\/div><\/a><a href=\"https:\/\/www.om3ktr.sk\/wp-content\/uploads\/2023\/12\/4.jpg\" data-rel='gallery-1' data-prev-img='https:\/\/www.om3ktr.sk\/wp-content\/uploads\/2023\/12\/4.jpg' class='lightbox ' data-onclick='6' title='Poln\u00fd de\u0148 -  1956 - Z\u00e1ruby OK3KHM&lt;br&gt;&lt;br&gt;Spodn\u00e1 rada: sestra OK3CBK, brat OK3CBK, profesor Bajan OK3BF, Stano OK3WM, Karol OK3CDX,  Benko.&lt;br&gt; Horn\u00e1 rada: Ada - xyl OK3CBK, Ivan Wilhelm, Ivan Stanek, Roland Kan\u00edk, Palo Repta, Bohu\u0161 Chmelik, Peter Vali\u0161, pod Vali\u0161om je Pipo Koll\u00e1r, Ivan OK3CDW, &lt;br&gt;Sto\u017eiar dr\u017e\u00ed Milan OK3WW&lt;br&gt;Cel\u00e9 to fotil OK3CBK'  itemprop=\"thumbnailUrl\"  ><img decoding=\"async\" fetchpriority=\"high\" class=\"wp-image-105 avia-img-lazy-loading-not-105\"   src=\"https:\/\/www.om3ktr.sk\/wp-content\/uploads\/2023\/12\/4.jpg\" width=\"260\" height=\"168\"  title='' alt='' \/><div class='big-prev-fake'><img decoding=\"async\" loading=\"lazy\" class=\"wp-image-105 avia-img-lazy-loading-105\"  width=\"495\" height=\"320\" src=\"https:\/\/www.om3ktr.sk\/wp-content\/uploads\/2023\/12\/4.jpg\" title='' alt='' \/><\/div><\/a><\/div><\/div>\n\n<style type=\"text\/css\" data-created_by=\"avia_inline_auto\" id=\"style-css-av-lqikqeug-8f6ae12e11c0b8afd7c2bea0b66ac232\">\n#top .av_textblock_section.av-lqikqeug-8f6ae12e11c0b8afd7c2bea0b66ac232 .avia_textblock{\ntext-align:justify;\n}\n<\/style>\n<section  class='av_textblock_section av-lqikqeug-8f6ae12e11c0b8afd7c2bea0b66ac232 '   itemscope=\"itemscope\" itemtype=\"https:\/\/schema.org\/CreativeWork\" ><div class='avia_textblock'  itemprop=\"text\" ><p>V tejto dobe na OK3KTR pre\u017e\u00edvali kr\u00edzu pre nedostatok oper\u00e1torov z radov \u0161tudentov a OK3KTR bola viac menej ne\u010dinn\u00e1. Po dohode v\u0161etk\u00fdch r\u00e1dioamat\u00e9rov d\u00e1vaj\u00fa kolekt\u00edvnu stanicu OK3KHM do k\u013eudu a v\u0161etci prech\u00e1dzaj\u00fa do OK3KTR.<\/p>\n<p>OK3KTR sa st\u00e1va Okresn\u00fdm r\u00e1dioklubom zo s\u00eddlom v budove OV Zv\u00e4zarmu na Radlinsk\u00e9ho ulici. Na novom p\u00f4sobisku a v silnej zostave dosahuje kolekt\u00edv OK3KTR pekn\u00e9 v\u00fdsledky, \u010di u\u017e v r\u00e1dioamat\u00e9rskych z\u00e1vodoch, alebo v nadv\u00e4zovan\u00ed spojenia so stanicami z cel\u00e9ho sveta. Ve\u010f zariadenie na kolekt\u00edvnej stanici je v \u010dinnosti vo dne, v noci nepretr\u017eite a oper\u00e1tori si robia prev\u00e1dzkov\u00e9 rozpisy.<\/p>\n<p>V kolektive je siln\u00e1 skupina oper\u00e1torov, ktor\u00ed sa venuj\u00fa prev\u00e1dzke na VKV. Hlavn\u00fdm kon\u0161trukt\u00e9rom zariaden\u00ed pre VKV je Richard &#8211; OK3CBK a jeho u\u010denliv\u00ed \u017eiaci Ivan Gara\u017eia OK3CDW a Gabo Sz\u0151ke OK3TSG. Chlapci, i ke\u010f v tej dobe e\u0161te nemali vlastn\u00e9 koncesie, ale prij\u00edma\u010de na 144 MHz u\u017e vlastnili a p\u00e1smo sledovali i doma.<\/p>\n<\/div><\/section>\n\n<style type=\"text\/css\" data-created_by=\"avia_inline_auto\" id=\"style-css-av-lqjbl9mg-a672f327754a81582f8980cea84f7250\">\n#top .av_textblock_section.av-lqjbl9mg-a672f327754a81582f8980cea84f7250 .avia_textblock{\ntext-align:justify;\n}\n<\/style>\n<section  class='av_textblock_section av-lqjbl9mg-a672f327754a81582f8980cea84f7250 '   itemscope=\"itemscope\" itemtype=\"https:\/\/schema.org\/CreativeWork\" ><div class='avia_textblock'  itemprop=\"text\" ><p>Dlho sa ale kolekt\u00edvka na Radlinsk\u00e9ho ulici neohriala. V roku 1960 sa OV Zv\u00e4zarmu s\u0165ahuje do novej budovy na Novosadskej ulici a okresn\u00fd r\u00e1dioklub OK3KTR ide s n\u00edm.<\/p>\n<p>V kone\u010dnom d\u00f4sledku to ale amat\u00e9ri vyhrali. Dostali s\u00edce 2 ve\u013ek\u00e9 miestnosti v suter\u00e9ne budovy, ale naskytla sa tu omnoho v\u00e4\u010d\u0161ia pr\u00edle\u017eitos\u0165 na stavbu ant\u00e9n, \u010di u\u017e KV alebo VKV. Boli postaven\u00e9 3 kr\u00e1tkovlnn\u00e9 ant\u00e9ny &#8211; 83 metrov\u00e1 LW, 41 metrov\u00e1 Windomka a dr\u00f4tov\u00e1 HB9CV pre p\u00e1smo 14 MHz, smerovan\u00e1 na z\u00e1pad. K budove bol postaven\u00fd 18 metrov\u00fd oto\u010dn\u00fd sto\u017eiar, ru\u010dne ovl\u00e1dan\u00fd z miestnosti cez ozuben\u00e9 kolieska a re\u0165aze. Na sto\u017eiari bola ant\u00e9na pre p\u00e1smo 144 MHz &#8211; OK1DE. To sa u\u017e chodia od `krbu` v\u0161etky r\u00e1dioamat\u00e9rske z\u00e1vody na VKV.<\/p>\n<p>V roku 1960 sa Jano Kor\u010d\u00e1k OK3NM, s\u0165ahuje do Leopoldova a tam o\u017eivuje sl\u00e1vu OK3KHM. Vysielanie na VKV v tej dobe nebola \u017eiadna slas\u0165. Ke\u010f\u017ee sa pou\u017e\u00edvali vysiela\u010de riaden\u00e9 x-talom, tak sa volalo na jednej frekvencii (OK3KTR pou\u017e\u00edvala 144,087 MHz) a po ukon\u010den\u00ed vysielania sa ladilo od 144.000 do 144.500. V tomto \u0161irokom segmente sa nach\u00e1dzali stanice. V z\u00e1vodoch dos\u0165 nepraktick\u00e9, ale VFO sa v tom obdobi nepou\u017e\u00edvalo pre nestabilitu elektr\u00f3nkov\u00fdch VFO. Frekvencia VFO sa toti\u017e n\u00e1sobila z 8 alebo 12 MHz na 144 MHz. Niektor\u00ed pou\u017e\u00edvali viac kry\u0161t\u00e1lov, \u010di u\u017e v\u00fdmenn\u00fdch, alebo prep\u00ednate\u013en\u00fdch, aby sa pribl\u00ed\u017eili \u010do najviac k frekvenci\u00ed volanej stanice. Bolo be\u017en\u00e9, \u017ee pri ukon\u010den\u00ed fone v\u00fdzvy sa pou\u017e\u00edvali vety: Lad\u00edm od svojej frekvencie smerom hore alebo: Lad\u00edm od svojej frekvencie smerom dole. Pod\u013ea toho sa potom prestrkovali x-taly. Dnes je to \u00fasmevn\u00e9&#8230;<\/p>\n<p>Toto napravil a\u017e n\u00e1stup tranzistorov a zmie\u0161avac\u00edch VFO. Ale e\u0161te dlho bolo vz\u00e1cnos\u0165ou, \u017ee po zavolan\u00ed v\u00fdzvy n\u00e1s protistanica zavolala na na\u0161ej frekvencii. Ak nikto nevolal, tak sa pre istotu ladilo aj 100 kHz hore dole, \u010di n\u00e1hodou niekto nevol\u00e1 bokom. Oby\u010dajne volal.<\/p>\n<\/div><\/section>\n\n<style type=\"text\/css\" data-created_by=\"avia_inline_auto\" id=\"style-css-av-lqjbu9uh-0d57365fa7ec32d132b4d6faac06f41d\">\n#top .av_textblock_section.av-lqjbu9uh-0d57365fa7ec32d132b4d6faac06f41d .avia_textblock{\ntext-align:justify;\n}\n<\/style>\n<section  class='av_textblock_section av-lqjbu9uh-0d57365fa7ec32d132b4d6faac06f41d '   itemscope=\"itemscope\" itemtype=\"https:\/\/schema.org\/CreativeWork\" ><div class='avia_textblock'  itemprop=\"text\" ><p>O 2 roky nesk\u00f4r bol postaven\u00fd 16 metrov\u00fd priehradov\u00fd sto\u017eiar pre VKV \u00fa\u010dely. Taktie\u017e sa za\u010dalo so stavbou cel\u00e9ho nov\u00e9ho KV zariadenia od VFO po koncov\u00e9 stupne a nap\u00e1ja\u010de. Zariadenie bolo budovan\u00e9 do blokov, ktor\u00e9 sa potom zas\u00favali do panelov v tvare L okolo oper\u00e1tora. V strede bol komunikacn\u00fd prij\u00edma\u010d Lambda 5.<\/p>\n<\/div><\/section>\n\n<style type=\"text\/css\" data-created_by=\"avia_inline_auto\" id=\"style-css-av-lqjdwvyg-039dfea8bb644115e141a8668652355d\">\n.avia-image-container.av-lqjdwvyg-039dfea8bb644115e141a8668652355d img.avia_image{\nbox-shadow:none;\n}\n.avia-image-container.av-lqjdwvyg-039dfea8bb644115e141a8668652355d .av-image-caption-overlay-center{\ncolor:#ffffff;\n}\n<\/style>\n<div  class='avia-image-container av-lqjdwvyg-039dfea8bb644115e141a8668652355d av-styling- avia-align-center  avia-builder-el-40  el_after_av_textblock  el_before_av_textblock '   itemprop=\"image\" itemscope=\"itemscope\" itemtype=\"https:\/\/schema.org\/ImageObject\" ><div class=\"avia-image-container-inner\"><div class=\"avia-image-overlay-wrap\"><img decoding=\"async\" fetchpriority=\"high\" class='wp-image-201 avia-img-lazy-loading-not-201 avia_image ' src=\"https:\/\/www.om3ktr.sk\/wp-content\/uploads\/2023\/12\/OK3KTR_1961_QSL.jpg\" alt='' title='OK3KTR_1961_QSL'  height=\"902\" width=\"2718\"  itemprop=\"thumbnailUrl\"  \/><\/div><\/div><\/div>\n\n<style type=\"text\/css\" data-created_by=\"avia_inline_auto\" id=\"style-css-av-lqjbywte-633c16e380b7f293ae116c1644fee7c2\">\n#top .av_textblock_section.av-lqjbywte-633c16e380b7f293ae116c1644fee7c2 .avia_textblock{\ntext-align:justify;\n}\n<\/style>\n<section  class='av_textblock_section av-lqjbywte-633c16e380b7f293ae116c1644fee7c2 '   itemscope=\"itemscope\" itemtype=\"https:\/\/schema.org\/CreativeWork\" ><div class='avia_textblock'  itemprop=\"text\" ><p>Taktie\u017e sa postavilo nov\u00e9 zariadenie pre p\u00e1smo 144 MHz. Vysiela\u010d riaden\u00fd x-talom a na koncovom stupni s REE30B. Ako prij\u00edmac sl\u00fa\u017eila Fuge 16 a k nej bol doroben\u00fd konvertor. Cel\u00e9 to bolo osaden\u00e9 do jednej krabice.<\/p>\n<p>Za\u010dal sa n\u00e1bor nov\u00fdch oper\u00e1torov z radov ml\u00e1de\u017ee na \u0161kol\u00e1ch a kurzy r\u00e1diov\u00fdch oper\u00e1torov. T\u00ed zdatnej\u0161\u00ed boli posielan\u00ed na celoslovensk\u00e9 kurzy r\u00e1diotechnikov. V OK3KTR v tej dobe vyrastala nov\u00e1 gener\u00e1cia mlad\u00fdch r\u00e1dioamat\u00e9rov. J\u00e1n Torok OM3TC, Peter Vicen\u00edk OL8AAZ\/OM3PV, Lidka Psotov\u00e1 OM3CFG, Alla K\u00e1zikov\u00e1 OM3YCW, Alex Klabn\u00edk OM3YCA, \u0160tefan Lazov\u00fd OM1TL, \u013dubo\u0161 Pola\u010dik OK3TPL, Anton Lackovi\u010d OM3TGK, Marian Dus\u00edk OM2QU a in\u00ed&#8230;<\/p>\n<\/div><\/section>\n\n<style type=\"text\/css\" data-created_by=\"avia_inline_auto\" id=\"style-css-av-lqjfc9lt-6db7e4e355fba377a825f33f02ed3ce9\">\n#top .flex_column.av-lqjfc9lt-6db7e4e355fba377a825f33f02ed3ce9{\nmargin-top:0px;\nmargin-bottom:0px;\n}\n.responsive #top #wrap_all .flex_column.av-lqjfc9lt-6db7e4e355fba377a825f33f02ed3ce9{\nmargin-top:0px;\nmargin-bottom:0px;\n}\n<\/style>\n<div  class='flex_column av-lqjfc9lt-6db7e4e355fba377a825f33f02ed3ce9 av_two_third  avia-builder-el-42  el_after_av_textblock  el_before_av_one_third  first flex_column_div  column-top-margin'     ><style type=\"text\/css\" data-created_by=\"avia_inline_auto\" id=\"style-css-av-lqjemrw4-c778e0e9d4f30475560b979d3b4d04a7\">\n#top .av_textblock_section.av-lqjemrw4-c778e0e9d4f30475560b979d3b4d04a7 .avia_textblock{\ntext-align:justify;\n}\n<\/style>\n<section  class='av_textblock_section av-lqjemrw4-c778e0e9d4f30475560b979d3b4d04a7 '   itemscope=\"itemscope\" itemtype=\"https:\/\/schema.org\/CreativeWork\" ><div class='avia_textblock'  itemprop=\"text\" ><p>\u0160es\u0165desiate roky sa niesli v znamen\u00ed omladzovania kolekt\u00edvu, kurzov RO a r\u00e1diotechniky. Dodo &#8211; OK3EM bol ve\u013ek\u00fd propag\u00e1tor r\u00e1dioamat\u00e9rstva a neunikla mu \u017eiadna du\u0161i\u010dka, \u010do i len n\u00e1hodou zav\u00edtala do r\u00e1dioklubu. Bol z nej hne\u010f nov\u00fd \u010dlen.<\/p>\n<p>\u010cinnos\u0165 r\u00e1dioklubu sa v tej dobe zameriavala na prev\u00e1dzku VKV, \u010do umo\u017enil hlavne nov\u00fd ant\u00e9nny syst\u00e9m. Chodili sa u\u017e v\u0161etky VKV z\u00e1vody. Kr\u00e1tke vlny mali tie\u017e svojich priaznivcov a s nov\u00fdm zariaden\u00edm to &#8218;chodilo&#8216;.<\/p>\n<p>V tej dobe sa za\u010dal propagova\u0165 &#8218;Hon na l\u00ed\u0161ku&#8216;, ktor\u00fd mal tie\u017e svojich priaznivcov a r\u00e1dioklub usporad\u00faval okresn\u00e9 prebory. K tomu \u00fa\u010delu sl\u00fa\u017eili spo\u010diatku zn\u00e1me prenosn\u00e9 r\u00e1diostanice RF11.<\/p>\n<p>Ke\u010f &#8218;Hon na l\u00ed\u0161ku&#8216; pre\u0161iel na p\u00e1sma 3.5 a 144 MHz, tak sa za\u010dali amat\u00e9rsky vyr\u00e1ba\u0165\u00a0 prij\u00edma\u010de OL8AAZ sa z\u00fa\u010dastnil i celo\u0161t\u00e1tnych pretekov.<\/p>\n<p>Nesk\u00f4r sa &#8218;Hon na l\u00ed\u0161ku&#8216; premenuje na ROB &#8211; r\u00e1diov\u00fd orienta\u0107n\u00fd beh. Na obr\u00e1zku je z\u013eava Lidka Psotov\u00e1 OM3CFG a Kveta Dunajsk\u00e1.<\/p>\n<p>V roku 1966 sa Dodo OK3EM s\u0165ahuje do Bratislavy a vedenie po \u0148om preber\u00e1\u00a0 Ivan Gara\u017eia OK3CDW. Ani po odchode Doda OK3EM aktivita r\u00e1dioklubu neupad\u00e1 a pod veden\u00edm Ivana OK3CDW sa kolekt\u00edvu dar\u00ed ako na KV, tak i na VKV.<\/p>\n<\/div><\/section><\/div>\n\n<style type=\"text\/css\" data-created_by=\"avia_inline_auto\" id=\"style-css-av-lqjfd2zb-27cd053fe988904c800b23e966436135\">\n#top .flex_column.av-lqjfd2zb-27cd053fe988904c800b23e966436135{\nmargin-top:0px;\nmargin-bottom:0px;\n}\n.responsive #top #wrap_all .flex_column.av-lqjfd2zb-27cd053fe988904c800b23e966436135{\nmargin-top:0px;\nmargin-bottom:0px;\n}\n<\/style>\n<div  class='flex_column av-lqjfd2zb-27cd053fe988904c800b23e966436135 av_one_third  avia-builder-el-44  el_after_av_two_third  el_before_av_textblock  flex_column_div  column-top-margin'     ><style type=\"text\/css\" data-created_by=\"avia_inline_auto\" id=\"style-css-av-lqjffp8l-b3f2afc9f4716b0bdf829099721ea191\">\n.avia-image-container.av-lqjffp8l-b3f2afc9f4716b0bdf829099721ea191 img.avia_image{\nbox-shadow:none;\n}\n.avia-image-container.av-lqjffp8l-b3f2afc9f4716b0bdf829099721ea191 .av-image-caption-overlay-center{\ncolor:#ffffff;\n}\n<\/style>\n<div  class='avia-image-container av-lqjffp8l-b3f2afc9f4716b0bdf829099721ea191 av-styling- avia-align-center  avia-builder-el-45  avia-builder-el-no-sibling '   itemprop=\"image\" itemscope=\"itemscope\" itemtype=\"https:\/\/schema.org\/ImageObject\" ><div class=\"avia-image-container-inner\"><div class=\"avia-image-overlay-wrap\"><img decoding=\"async\" fetchpriority=\"high\" class='wp-image-154 avia-img-lazy-loading-not-154 avia_image ' src=\"https:\/\/www.om3ktr.sk\/wp-content\/uploads\/2023\/12\/ROB.jpg\" alt='' title=''  height=\"353\" width=\"250\"  itemprop=\"thumbnailUrl\"  \/><\/div><\/div><\/div><\/div>\n\n<style type=\"text\/css\" data-created_by=\"avia_inline_auto\" id=\"style-css-av-lqjex8eh-ad8cde319ca752f7a61db2d51a3d12f6\">\n#top .av_textblock_section.av-lqjex8eh-ad8cde319ca752f7a61db2d51a3d12f6 .avia_textblock{\ntext-align:justify;\n}\n<\/style>\n<section  class='av_textblock_section av-lqjex8eh-ad8cde319ca752f7a61db2d51a3d12f6 '   itemscope=\"itemscope\" itemtype=\"https:\/\/schema.org\/CreativeWork\" ><div class='avia_textblock'  itemprop=\"text\" ><p>V roku 1970 dostal r\u00e1dioklub lodn\u00fa r\u00e1diostanicu typu LOV 020 aj s pr\u00edslu\u0161enstvom, do ktor\u00e9ho patril pracovn\u00fd st\u00f4l a prij\u00edma\u010d Lambda 4.<\/p>\n<p>Z vojensk\u00fdch skladov z\u00edskava r\u00e1dioklub v roku 1972 vyraden\u00e9 skri\u0148ov\u00e9 vozidlo Tatra 805, ktor\u00e9 je prebudovan\u00e9 na r\u00e1dioamat\u00e9rske \u00fa\u010dely. Tatra sl\u00fa\u017eila svojmu \u00fa\u010delu 8 rokov.<\/p>\n<p>V roku 1972 sa OK3CDW vzd\u00e1va ved\u00faceho oper\u00e1tora a funkciu po \u0148om preber\u00e1 Peter OK3TBY.\u00a0 V tomto obdob\u00ed sa r\u00e1dioklub s\u00fastre\u010fuje na VKV \u010dinnos\u0165. Postavia sa nov\u00e9 prenosn\u00e9 ant\u00e9ny 4 x 10 element Yagi na skladacom duralovom sto\u017eiari 12 metrovej v\u00fd\u0161ky.\u00a0 Postavilo sa taktie\u017e nov\u00e9 zariadenie na 144 MHZ a s t\u00fdmto vybaven\u00edm sa r\u00e1dioklub pravidelne z\u00fa\u010dast\u0148uje v\u0161etk\u00fdch pretekov na VKV s pekn\u00fdmi v\u00fdsledkami v r\u00e1mci \u010ceskoslovenska:<\/p>\n<ul>\n<li>v roku 1972 &#8211; 2. mieste,<\/li>\n<li>v roku 1973 &#8211; 2. miesto,<\/li>\n<li>v roku 1974 &#8211; 2. miesto.<\/li>\n<\/ul>\n<\/div><\/section>\n\n<style type=\"text\/css\" data-created_by=\"avia_inline_auto\" id=\"style-css-av-lqkyri1h-9c09808c6a1e828ad191a49e1011e836\">\n#top .av_textblock_section.av-lqkyri1h-9c09808c6a1e828ad191a49e1011e836 .avia_textblock{\ntext-align:justify;\n}\n<\/style>\n<section  class='av_textblock_section av-lqkyri1h-9c09808c6a1e828ad191a49e1011e836 '   itemscope=\"itemscope\" itemtype=\"https:\/\/schema.org\/CreativeWork\" ><div class='avia_textblock'  itemprop=\"text\" ><p>V roku 1974 sa OK3KTR s\u0165ahuje na nov\u00e9 p\u00f4sobisko a to do novej budovy OV Zv\u00e4zarmu na Ru\u017eindolskej ceste. V projektovej dokument\u00e1cii mal r\u00e1dioklub dosta\u0165 jednu ve\u013ek\u00fa u\u010deb\u0148u a men\u0161iu miestnos\u0165 pre vysielacie zariadenie. \u017dia\u013e, nakoniec z toho bola iba mal\u00e1 miestnos\u0165 na druhom poschod\u00ed. Nepomohli ani jednania s predsedom OV.<\/p>\n<p>V polovi\u010dke sedemdesiatich rokov sa u\u017e OK3KTR z\u00fa\u010dast\u0148uje z\u00e1vodov aj na vy\u0161\u0161\u00edch p\u00e1smach. V\u010faka ve\u013ek\u00e9mu nad\u0161encovi a kon\u0161trukt\u00e9rovi \u0160tefanovi Lazov\u00e9mu &#8211; OK3TTL prev\u00e1dzkuje OK3KTR zariadenia aj na 432, 1296 a 2300 MHz a pr\u00edslu\u0161n\u00e9 ant\u00e9nne syst\u00e9my.<\/p>\n<p>V\u00fdsledky, ktor\u00e9 dosahovala stanica OK3KTR, si v\u0161imli aj na \u00fastred\u00ed r\u00e1dioamat\u00e9rov v Bratislave a stanici bol v roku 1976 pridelen\u00fd za tieto \u00faspechy TRCV FT-221R pre p\u00e1smo 144 MHz. V roku 1981 postav\u00ed k tomuto trcv OK3TBY koncov\u00fd stupe\u0148 s n\u00e1zvom Tajf\u00fan (2x GI7b). Na budove Zv\u00e4razmu sa postav\u00ed ant\u00e9na 4&#215;10 el. Yagi pre p\u00e1smo 145 MHz. \u017dia\u013e, dlho nevydr\u017eala pre slab\u00e9 kotvenie z ju\u017enej strany. Po n\u00e1pore vetra, ant\u00e9na spadla dole.<\/p>\n<\/div><\/section>\n\n<style type=\"text\/css\" data-created_by=\"avia_inline_auto\" id=\"style-css-av-lql3nit9-2d69d061b0d6fc5b7bd15c053985ec32\">\n.avia-image-container.av-lql3nit9-2d69d061b0d6fc5b7bd15c053985ec32 img.avia_image{\nbox-shadow:none;\n}\n.avia-image-container.av-lql3nit9-2d69d061b0d6fc5b7bd15c053985ec32 .av-image-caption-overlay-center{\ncolor:#ffffff;\n}\n<\/style>\n<div  class='avia-image-container av-lql3nit9-2d69d061b0d6fc5b7bd15c053985ec32 av-styling- avia-align-center  avia-builder-el-48  el_after_av_textblock  el_before_av_textblock '   itemprop=\"image\" itemscope=\"itemscope\" itemtype=\"https:\/\/schema.org\/ImageObject\" ><div class=\"avia-image-container-inner\"><div class=\"avia-image-overlay-wrap\"><img decoding=\"async\" fetchpriority=\"high\" class='wp-image-246 avia-img-lazy-loading-not-246 avia_image ' src=\"https:\/\/www.om3ktr.sk\/wp-content\/uploads\/2023\/12\/ok3ktr_12.jpg\" alt='' title='Kolekt\u00edv OK3KTR'  height=\"258\" width=\"600\"  itemprop=\"thumbnailUrl\"  \/><\/div><\/div><\/div>\n\n<style type=\"text\/css\" data-created_by=\"avia_inline_auto\" id=\"style-css-av-lqkyu1lc-6584ce8f3b564b68e71fcdeb9191ef38\">\n#top .av_textblock_section.av-lqkyu1lc-6584ce8f3b564b68e71fcdeb9191ef38 .avia_textblock{\ntext-align:justify;\n}\n<\/style>\n<section  class='av_textblock_section av-lqkyu1lc-6584ce8f3b564b68e71fcdeb9191ef38 '   itemscope=\"itemscope\" itemtype=\"https:\/\/schema.org\/CreativeWork\" ><div class='avia_textblock'  itemprop=\"text\" ><p>V sedemdesiatych rokoch vyrast\u00e1 \u010fa\u013e\u0161ia vlna mlad\u00fdch r\u00e1dioamat\u00e9rov. S\u00fa to Mari\u00e1n Kis OL8CGS\/OK3CMW, Juraj Neupauer OL8CJN\/OK3CYA, Milo\u0161 Kub\u00e1\u0148 OL8CMK\/ OK3TZL a Peter \u017delezkov OK3CYU.<\/p>\n<p>V tomto obdob\u00ed doch\u00e1dza medzi ved\u00facim oper\u00e1torom PetromVicen\u00edkom OK3TBY a veden\u00edm Z\u00e1kladnej organizacie Zv\u00e4zarmu k n\u00e1zorov\u00fdm nezhod\u00e1m a doch\u00e1dza aj k ohov\u00e1raniu od niektor\u00fdch \u010dlenov na p\u00f4de org\u00e1nov Zv\u00e4zarmu. Na \u010dlenskej sch\u00f4dzi za pr\u00edtomnosti predsedu ZO je t\u00e1to vyzvan\u00e1, aby odvolala ved\u00faceho oper\u00e1tora. Ke\u010f\u017ee sa tak nestalo, nasleduje list od OZ a Peter Vicen\u00edk OK3TBY sa vzd\u00e1va funkcie.<\/p>\n<\/div><\/section>\n\n<style type=\"text\/css\" data-created_by=\"avia_inline_auto\" id=\"style-css-av-lqkzcs6m-aeaf3cac84902f43bd0827dbf95e700b\">\n#top .av_textblock_section.av-lqkzcs6m-aeaf3cac84902f43bd0827dbf95e700b .avia_textblock{\ntext-align:justify;\n}\n<\/style>\n<section  class='av_textblock_section av-lqkzcs6m-aeaf3cac84902f43bd0827dbf95e700b '   itemscope=\"itemscope\" itemtype=\"https:\/\/schema.org\/CreativeWork\" ><div class='avia_textblock'  itemprop=\"text\" ><p>V roku 1983 sa st\u00e1va ved\u00faci oper\u00e1tor Daniel Psota OK3CFK.<\/p>\n<p>V roku 1984 je OK3KTR pres\u0165ahovan\u00e1 z hlavnej budovy Zv\u00e4zarmu do pr\u00edstavby ved\u013ea gar\u00e1\u017e\u00ed do miestnosti asi 2.5 x 4 metre. Preto sa museli v\u0161etky nevyu\u017e\u00edvan\u00e9 zariadenia a meracie pr\u00edstroje pres\u0165ahova\u0165 do n\u00e1protivnej gar\u00e1\u017ee. Ke\u010f\u017ee pr\u00edstavba bola n\u00edzka, tak sa rozhodlo, \u017ee sa postav\u00ed priehradov\u00fd sto\u017eiar pre VKV \u00fa\u010dely. Tejto akcie sa chytil \u00a0Jano OK3TCH. Behom p\u00e1r mesiacov bol sto\u017eiar postaven\u00fd. Hore bol uchyten\u00fd rot\u00e1tor, ktor\u00fd ot\u00e1\u010dal ant\u00e9nu pre 145 Mhz. U\u017e sa dalo znova chodi\u0165 VKV z\u00e1vody od krbu.<\/p>\n<p>V roku 1985 z\u00edskava \u00a0Peter Vicen\u00edk OK3TBY\u00a0 titul Majster sportu za pr\u00e1cu na VKV p\u00e1smach. V tej dobe vyrast\u00e1 \u010fa\u013e\u0161ia vlna mlad\u00fdch r\u00e1dioamat\u00e9rov s koncesiou OL aj v\u010faka L\u00e1dovi OK3THL. Boli to: Jaro Jamrich OL8CWI\/OK3TZZ,\u00a0Peter Han\u00e1k OL8CTH\/OK3TZR,\u00a0Rado Kuracina OL8CWN, Daniel Psota OL8CTD\/OK3TWC,\u00a0Ivan Stan\u010d\u00edk OL8CKL,\u00a0Igor Pekarovi\u010d OL8CNM, Pavol Vr\u00e1bel OL8CRY, Eva Grmanov\u00e1 OL8CKQ, Peter Psota OK3WUC a Vladim\u00edr Kov\u00e1\u010d OK3WVK. \u0160koda, \u017ee nie v\u0161etci t\u00edto mlad\u00ed r\u00e1dioamat\u00e9ri u\u017e \u010falej nepokra\u010dovali v r\u00e1dioamat\u00e9rskej \u010dinnosti.<\/p>\n<\/div><\/section>\n\n<style type=\"text\/css\" data-created_by=\"avia_inline_auto\" id=\"style-css-av-lql065o2-ae9bed2f750005d43cb1cf0aa9b2718e\">\n#top .avia-gallery.av-lql065o2-ae9bed2f750005d43cb1cf0aa9b2718e .avia-gallery-thumb a{\nwidth:14.2857%;\n}\n<\/style>\n<div  class='avia-gallery av-lql065o2-ae9bed2f750005d43cb1cf0aa9b2718e avia_animate_when_visible  avia-builder-el-51  el_after_av_textblock  el_before_av_textblock  avia_lazyload avia-gallery-animate avia-gallery-2'  itemprop=\"image\" itemscope=\"itemscope\" itemtype=\"https:\/\/schema.org\/ImageObject\" ><meta itemprop=\"contentURL\" content=\"https:\/\/www.om3ktr.sk\/index.php\/historia\/\"><div class='avia-gallery-thumb'><a href=\"https:\/\/www.om3ktr.sk\/wp-content\/uploads\/2023\/12\/his33.jpg\" data-rel='gallery-2' data-prev-img='https:\/\/www.om3ktr.sk\/wp-content\/uploads\/2023\/12\/his33.jpg' class='first_thumb lightbox ' data-onclick='1' title='faj\u010dovka - OM3TC, OM3TYA, OM3CFK a mlad\u00fd OM3WC'  itemprop=\"thumbnailUrl\"  ><img decoding=\"async\" fetchpriority=\"high\" class=\"wp-image-233 avia-img-lazy-loading-not-233\"   src=\"https:\/\/www.om3ktr.sk\/wp-content\/uploads\/2023\/12\/his33.jpg\" width=\"495\" height=\"301\"  title='' alt='' \/><div class='big-prev-fake'><img decoding=\"async\" loading=\"lazy\" class=\"wp-image-233 avia-img-lazy-loading-233\"  width=\"495\" height=\"301\" src=\"https:\/\/www.om3ktr.sk\/wp-content\/uploads\/2023\/12\/his33.jpg\" title='' alt='' \/><\/div><\/a><a href=\"https:\/\/www.om3ktr.sk\/wp-content\/uploads\/2023\/12\/his32.jpg\" data-rel='gallery-2' data-prev-img='https:\/\/www.om3ktr.sk\/wp-content\/uploads\/2023\/12\/his32.jpg' class='lightbox ' data-onclick='2' title='Z\u013eava OM3TC a OM3CFK'  itemprop=\"thumbnailUrl\"  ><img decoding=\"async\" fetchpriority=\"high\" class=\"wp-image-234 avia-img-lazy-loading-not-234\"   src=\"https:\/\/www.om3ktr.sk\/wp-content\/uploads\/2023\/12\/his32.jpg\" width=\"495\" height=\"301\"  title='' alt='' \/><div class='big-prev-fake'><img decoding=\"async\" loading=\"lazy\" class=\"wp-image-234 avia-img-lazy-loading-234\"  width=\"495\" height=\"301\" src=\"https:\/\/www.om3ktr.sk\/wp-content\/uploads\/2023\/12\/his32.jpg\" title='' alt='' \/><\/div><\/a><a href=\"https:\/\/www.om3ktr.sk\/wp-content\/uploads\/2023\/12\/his18.jpg\" data-rel='gallery-2' data-prev-img='https:\/\/www.om3ktr.sk\/wp-content\/uploads\/2023\/12\/his18.jpg' class='lightbox ' data-onclick='3' title='Alex OM3YCA'  itemprop=\"thumbnailUrl\"  ><img decoding=\"async\" fetchpriority=\"high\" class=\"wp-image-235 avia-img-lazy-loading-not-235\"   src=\"https:\/\/www.om3ktr.sk\/wp-content\/uploads\/2023\/12\/his18.jpg\" width=\"495\" height=\"301\"  title='' alt='' \/><div class='big-prev-fake'><img decoding=\"async\" loading=\"lazy\" class=\"wp-image-235 avia-img-lazy-loading-235\"  width=\"495\" height=\"301\" src=\"https:\/\/www.om3ktr.sk\/wp-content\/uploads\/2023\/12\/his18.jpg\" title='' alt='' \/><\/div><\/a><a href=\"https:\/\/www.om3ktr.sk\/wp-content\/uploads\/2023\/12\/obr34.jpg\" data-rel='gallery-2' data-prev-img='https:\/\/www.om3ktr.sk\/wp-content\/uploads\/2023\/12\/obr34.jpg' class='lightbox ' data-onclick='4' title='Mlad\u00fd OK3TZR'  itemprop=\"thumbnailUrl\"  ><img decoding=\"async\" fetchpriority=\"high\" class=\"wp-image-217 avia-img-lazy-loading-not-217\"   src=\"https:\/\/www.om3ktr.sk\/wp-content\/uploads\/2023\/12\/obr34.jpg\" width=\"495\" height=\"301\"  title='Mlad\u00fd OK3TZR' alt='' \/><div class='big-prev-fake'><img decoding=\"async\" loading=\"lazy\" class=\"wp-image-217 avia-img-lazy-loading-217\"  width=\"495\" height=\"301\" src=\"https:\/\/www.om3ktr.sk\/wp-content\/uploads\/2023\/12\/obr34.jpg\" title='Mlad\u00fd OK3TZR' alt='' \/><\/div><\/a><a href=\"https:\/\/www.om3ktr.sk\/wp-content\/uploads\/2023\/12\/his1.jpg\" data-rel='gallery-2' data-prev-img='https:\/\/www.om3ktr.sk\/wp-content\/uploads\/2023\/12\/his1.jpg' class='lightbox ' data-onclick='5' title='Na klube Peter OK3TBY v roku 1984'  itemprop=\"thumbnailUrl\"  ><img decoding=\"async\" fetchpriority=\"high\" class=\"wp-image-236 avia-img-lazy-loading-not-236\"   src=\"https:\/\/www.om3ktr.sk\/wp-content\/uploads\/2023\/12\/his1.jpg\" width=\"495\" height=\"301\"  title='' alt='' \/><div class='big-prev-fake'><img decoding=\"async\" loading=\"lazy\" class=\"wp-image-236 avia-img-lazy-loading-236\"  width=\"495\" height=\"301\" src=\"https:\/\/www.om3ktr.sk\/wp-content\/uploads\/2023\/12\/his1.jpg\" title='' alt='' \/><\/div><\/a><a href=\"https:\/\/www.om3ktr.sk\/wp-content\/uploads\/2023\/12\/ktr07.jpg\" data-rel='gallery-2' data-prev-img='https:\/\/www.om3ktr.sk\/wp-content\/uploads\/2023\/12\/ktr07.jpg' class='lightbox ' data-onclick='6' title='Z\u013eava Vladim\u00edr OK3WAG, jeho syn OK3TZR a Daniel OK3TWC'  itemprop=\"thumbnailUrl\"  ><img decoding=\"async\" fetchpriority=\"high\" class=\"wp-image-231 avia-img-lazy-loading-not-231\"   src=\"https:\/\/www.om3ktr.sk\/wp-content\/uploads\/2023\/12\/ktr07.jpg\" width=\"495\" height=\"301\"  title='' alt='' \/><div class='big-prev-fake'><img decoding=\"async\" loading=\"lazy\" class=\"wp-image-231 avia-img-lazy-loading-231\"  width=\"495\" height=\"301\" src=\"https:\/\/www.om3ktr.sk\/wp-content\/uploads\/2023\/12\/ktr07.jpg\" title='' alt='' \/><\/div><\/a><a href=\"https:\/\/www.om3ktr.sk\/wp-content\/uploads\/2023\/12\/his39.jpg\" data-rel='gallery-2' data-prev-img='https:\/\/www.om3ktr.sk\/wp-content\/uploads\/2023\/12\/his39.jpg' class='lightbox ' data-onclick='7' title='Vladim\u00edr OM3WAG a Lidka OK3CFG'  itemprop=\"thumbnailUrl\"  ><img decoding=\"async\" fetchpriority=\"high\" class=\"wp-image-232 avia-img-lazy-loading-not-232\"   src=\"https:\/\/www.om3ktr.sk\/wp-content\/uploads\/2023\/12\/his39.jpg\" width=\"495\" height=\"301\"  title='' alt='' \/><div class='big-prev-fake'><img decoding=\"async\" loading=\"lazy\" class=\"wp-image-232 avia-img-lazy-loading-232\"  width=\"495\" height=\"301\" src=\"https:\/\/www.om3ktr.sk\/wp-content\/uploads\/2023\/12\/his39.jpg\" title='' alt='' \/><\/div><\/a><\/div><\/div>\n\n<style type=\"text\/css\" data-created_by=\"avia_inline_auto\" id=\"style-css-av-lqkzg7mt-bb43fc44c4c59e54a60b1212c7d6ddc6\">\n#top .av_textblock_section.av-lqkzg7mt-bb43fc44c4c59e54a60b1212c7d6ddc6 .avia_textblock{\ntext-align:justify;\n}\n<\/style>\n<section  class='av_textblock_section av-lqkzg7mt-bb43fc44c4c59e54a60b1212c7d6ddc6 '   itemscope=\"itemscope\" itemtype=\"https:\/\/schema.org\/CreativeWork\" ><div class='avia_textblock'  itemprop=\"text\" ><p>Je to u\u017e trad\u00edcia, ale OK3KTR sa venuje preva\u017ene prev\u00e1dzke na VKV. Na KV sa iba sporadicky id\u00fa nejak\u00e9 z\u00e1vody a ob\u010das niekto zavysiela.<\/p>\n<p>V roku 1988 sa st\u00e1va ved\u00facim oper\u00e1torom Mari\u00e1n Kis OK3CMW\/WS9M.<\/p>\n<p>Viav fotografii z tohto obdobia si m\u00f4\u017eete pozriet tu: 1950-1972, 1973-1989, 1950-1989, 1960-1989 a in\u00e9.<\/p>\n<\/div><\/section>\n\n<style type=\"text\/css\" data-created_by=\"avia_inline_auto\" id=\"style-css-av-lql1dwuy-ca0e5c34e7a264e88464107eb7034f9e\">\n#top .av-special-heading.av-lql1dwuy-ca0e5c34e7a264e88464107eb7034f9e{\npadding-bottom:10px;\n}\nbody .av-special-heading.av-lql1dwuy-ca0e5c34e7a264e88464107eb7034f9e .av-special-heading-tag .heading-char{\nfont-size:25px;\n}\n.av-special-heading.av-lql1dwuy-ca0e5c34e7a264e88464107eb7034f9e .av-subheading{\nfont-size:15px;\n}\n<\/style>\n<div  class='av-special-heading av-lql1dwuy-ca0e5c34e7a264e88464107eb7034f9e av-special-heading-h3  avia-builder-el-53  el_after_av_textblock  el_before_av_textblock '><h3 class='av-special-heading-tag'  itemprop=\"headline\"  >Novodob\u00e1 hist\u00f3ria po roku 1989<\/h3><div class=\"special-heading-border\"><div class=\"special-heading-inner-border\"><\/div><\/div><\/div>\n\n<style type=\"text\/css\" data-created_by=\"avia_inline_auto\" id=\"style-css-av-lql1e8gt-ff1d941d877e619fc81e8656dc7f8d2a\">\n#top .av_textblock_section.av-lql1e8gt-ff1d941d877e619fc81e8656dc7f8d2a .avia_textblock{\ntext-align:justify;\n}\n<\/style>\n<section  class='av_textblock_section av-lql1e8gt-ff1d941d877e619fc81e8656dc7f8d2a '   itemscope=\"itemscope\" itemtype=\"https:\/\/schema.org\/CreativeWork\" ><div class='avia_textblock'  itemprop=\"text\" ><p>Rok 1989 predstavuje ur\u010dit\u00fd medzn\u00edk v \u017eivote trnavsk\u00fdch r\u00e1dioamat\u00e9rov a \u010dinnosti r\u00e1dioklubu OK3KTR. Nastalo obdobie ur\u010ditej euf\u00f3rie, uvolnenia a z\u00e1rove\u0148 pre mnoh\u00e9 r\u00e1diokluby aj za\u010diatok ich konca. T\u00e1to skuto\u010dnos\u0165 sa nevyhla ani trnavsk\u00e9mu r\u00e1dioklubu.<\/p>\n<p>Hned po revol\u00facii v roku 1990 sa ved\u00facim oper\u00e1torom stal J\u00e1n Hercegh OK3TBB a predseda r\u00e1dioklubu L\u00e1\u010fo Havrda OK3THL.<\/p>\n<p>Vznikom Slovenskej republiky 1.janu\u00e1ra 1993 sa vstupom Slovenska do IARU meni prefix OK na OM a tak r\u00e1dioklub od tohto obdoia funguje pod zna\u010dkou OM3KTR.<\/p>\n<\/div><\/section>\n<section  class='av_textblock_section av-lql3qqws-edcce850d37052619381c60596143d27 '   itemscope=\"itemscope\" itemtype=\"https:\/\/schema.org\/CreativeWork\" ><div class='avia_textblock'  itemprop=\"text\" ><p>Koncom roka 1995 dost\u00e1va r\u00e1dioklub v\u00fdpove\u010f od nov\u00e9ho vlastn\u00edka budovy a priestory mus\u00ed opusti\u0165 do konca roka. Na miestnosti r\u00e1dioklubu bola vymenen\u00e1 z\u00e1mkov\u00e1 vlo\u017eka a vypnut\u00e1 el. energia.<\/p>\n<p>Za\u010diatkom roka 1996 \u010dlenovia r\u00e1dioklubu po dohovore vyprataj\u00fa miestnos\u0165 a r\u00e1dioklub s\u0165ahuj\u00fa z budovy ZT\u0160\u010c-SR do objektu PD Boler\u00e1z, kde je zamestnan\u00fd \u010dlen r\u00e1dioklubu Marian OM3CQU. Niektor\u00e9 zariadenia a material si nesk\u00f4r rozdelia na pou\u017e\u00edvanie medzi sebou. T\u00fdm sa z\u00e1v\u0155\u0161ila jedna novodob\u00e1 etapa trnavsk\u00fdch r\u00e1dioamat\u00e9rov. Od marca 1996 m\u00e1 r\u00e1dioklub trval\u00e9 QTH v Boler\u00e1zi. Z\u00e1rove\u0148 sa hladaj\u00fa in\u00e9 priestory pre klubov\u00fa \u010dinnos\u0165.<\/p>\n<\/div><\/section>\n\n<style type=\"text\/css\" data-created_by=\"avia_inline_auto\" id=\"style-css-av-lql3xhtk-849a7dbc0ddbcc654451a833523cd12a\">\n#top .av_textblock_section.av-lql3xhtk-849a7dbc0ddbcc654451a833523cd12a .avia_textblock{\ntext-align:justify;\n}\n<\/style>\n<section  class='av_textblock_section av-lql3xhtk-849a7dbc0ddbcc654451a833523cd12a '   itemscope=\"itemscope\" itemtype=\"https:\/\/schema.org\/CreativeWork\" ><div class='avia_textblock'  itemprop=\"text\" ><p>Najd\u00f4le\u017eitej\u0161ie m\u00edlniky v novodobej hist\u00f3rii OM3KTR:<\/p>\n<\/div><\/section>\n\n<style type=\"text\/css\" data-created_by=\"avia_inline_auto\" id=\"style-css-av-lql3zg8a-9bd5fa577cffeecd559eff885557aec2\">\n#top .av_textblock_section.av-lql3zg8a-9bd5fa577cffeecd559eff885557aec2 .avia_textblock{\ntext-align:justify;\n}\n<\/style>\n<section  class='av_textblock_section av-lql3zg8a-9bd5fa577cffeecd559eff885557aec2 '   itemscope=\"itemscope\" itemtype=\"https:\/\/schema.org\/CreativeWork\" ><div class='avia_textblock'  itemprop=\"text\" ><p>11.febru\u00e1ra 1997 bolo zalo\u017een\u00e9 Ob\u010dianskeho zdru\u017eenie s n\u00e1zvom <a href=\"\/home\/pitrix\/Downloads\/OM3KTR_files_orig\/www.om3ktr.sk\/paket.html\" target=\"_blank\" rel=\"noopener\">Paket R\u00e1dio klub Trnava<\/a>. Predsedom zdru\u017eenia a ved\u00facim operatorom OM3RTR sa stal Ivan Kuracina OM2IK a \u010dlenmi sa stali OM2IK, ex OL8CWN, OM3PV, OM2ADP a OM3TLZ.<\/p>\n<p>10. novembra 2000 bolo zalo\u017een\u00e9 Ob\u010dianske zdru\u017eenie s n\u00e1zvom R\u00e1dioklub OM3KTR Trnava.<\/p>\n<p>29. decembra 2001 sa konala ustanovuj\u00faca sch\u00f4dza Ob\u010dianskeho zdru\u017eenia R\u00e1dioklub OM3KTR Trnava.<\/p>\n<p>16. marca 2007 sa konala sch\u00f4dza Ob\u010diansk\u00e9ho zdru\u017eenia R\u00e1dioklub OM3KTR Trnava. Predseda Ob\u010diansk\u00e9ho zdru\u017eenia a VO OM3KTR J\u00e1n Herceg OM3TB odmietol<br \/>\nnies\u0165 zodpovednos\u0165 za \u010fa\u013e\u0161iu \u010dinnos\u0165 Ob\u010diansk\u00e9ho zdru\u017eenia a vzdal sa funkcie predsedu Ob\u010diansk\u00e9ho zdru\u017eenia a VO OM3KTR. Prevzatie funkcie pris\u013e\u00fabil J\u00e1n T\u0151r\u0151k OM3TC.<\/p>\n<p>25. apr\u00edla 2007 sa J\u00e1n T\u0151r\u0151k &#8211; OM3TC stal predsedom Ob\u010dianskeho zdru\u017eenia R\u00e1dioklub OM3KTR Trnava.<\/p>\n<p>11.j\u00fana 2007 sa ved\u00facim oper\u00e1torom OM3KTR stal J\u00e1n T\u0151r\u0151k &#8211; OM3TC, Z\u00e1rove\u0148 sa klubov\u00e1 stanica OM3KTR pres\u0165ahovala na adresu: V\u00edchor 412 &#8211; Ru\u017eindol,<br \/>\ndo doby, ne\u017e sa sprev\u00e1dzkuj\u00fa nov\u00e9 klubov\u00e9 priestory.<\/p>\n<p>1. j\u00fala 2007 skon\u010dila platnos\u0165 koncesie Paket radio klubu OM3RTR Trnava. Ob\u010dianske zdru\u017eenie rozhodlo, \u017ee koncesia sa predl\u017eova\u0165 nebude a Paket radioklub tak zanikol.<br \/>\nN\u00f3dy a paketov\u00e9 linky s\u00fa e\u0161te v prev\u00e1dzke a\u017e do skon\u010denia ich platnosti. Predl\u017eova\u0165 sa nebud\u00fa.<\/p>\n<p>8. okt\u00f3bra 2007 boli o 20,00 SE\u010c vypnut\u00e9 v\u0161etky r\u00e1diove linky na paketov\u00fdch n\u00f3doch OM0NTA, OM0NTR a OM0NTV. Z\u00e1roven bola vypnut\u00e1 BBS OM0PTR a DX cluster OM0PTX. Po 10. rokoch svojej \u010dinnosti paket radio v Trnave skon\u010dilo.<\/p>\n<\/div><\/section>\n\n<style type=\"text\/css\" data-created_by=\"avia_inline_auto\" id=\"style-css-av-lql4hfl1-a2ceaf3f6f07ecf5c8bdc7345614c7f1\">\n#top .av_textblock_section.av-lql4hfl1-a2ceaf3f6f07ecf5c8bdc7345614c7f1 .avia_textblock{\ntext-align:justify;\n}\n<\/style>\n<section  class='av_textblock_section av-lql4hfl1-a2ceaf3f6f07ecf5c8bdc7345614c7f1 '   itemscope=\"itemscope\" itemtype=\"https:\/\/schema.org\/CreativeWork\" ><div class='avia_textblock'  itemprop=\"text\" ><p>29.marca 2008 sa konalo Stretnutie r\u00e1dioamaterov z Trnavy a sch\u00f4dza Ob\u010diansk\u00e9ho zdru\u017eenia R\u00e1dioklub OM3KTR Trnava.<\/p>\n<\/div><\/section>\n\n<style type=\"text\/css\" data-created_by=\"avia_inline_auto\" id=\"style-css-av-lql4mmb7-6d9eb5c86c9b4f25ac34f12fcf1cbcca\">\n#top .flex_column.av-lql4mmb7-6d9eb5c86c9b4f25ac34f12fcf1cbcca{\nmargin-top:0px;\nmargin-bottom:15px;\n}\n.responsive #top #wrap_all .flex_column.av-lql4mmb7-6d9eb5c86c9b4f25ac34f12fcf1cbcca{\nmargin-top:0px;\nmargin-bottom:15px;\n}\n<\/style>\n<div  class='flex_column av-lql4mmb7-6d9eb5c86c9b4f25ac34f12fcf1cbcca av_one_half  avia-builder-el-59  el_after_av_textblock  el_before_av_one_half  first flex_column_div  column-top-margin'     ><style type=\"text\/css\" data-created_by=\"avia_inline_auto\" id=\"style-css-av-lql4l05b-8b61e56f8fb8cc0e52b92a42d14307fb\">\n.avia-image-container.av-lql4l05b-8b61e56f8fb8cc0e52b92a42d14307fb img.avia_image{\nbox-shadow:none;\n}\n.avia-image-container.av-lql4l05b-8b61e56f8fb8cc0e52b92a42d14307fb .av-image-caption-overlay-center{\ncolor:#ffffff;\n}\n<\/style>\n<div  class='avia-image-container av-lql4l05b-8b61e56f8fb8cc0e52b92a42d14307fb av-styling- avia-align-center  avia-builder-el-60  avia-builder-el-no-sibling '   itemprop=\"image\" itemscope=\"itemscope\" itemtype=\"https:\/\/schema.org\/ImageObject\" ><div class=\"avia-image-container-inner\"><div class=\"avia-image-overlay-wrap\"><img decoding=\"async\" fetchpriority=\"high\" class='wp-image-252 avia-img-lazy-loading-not-252 avia_image ' src=\"https:\/\/www.om3ktr.sk\/wp-content\/uploads\/2023\/12\/om3ktr_10.jpg\" alt='' title='om3ktr_10'  height=\"600\" width=\"800\"  itemprop=\"thumbnailUrl\"  \/><\/div><\/div><\/div><\/div>\n\n<style type=\"text\/css\" data-created_by=\"avia_inline_auto\" id=\"style-css-av-11isq-add420c6c2b4daecb2aa25f6e389ff7b\">\n#top .flex_column.av-11isq-add420c6c2b4daecb2aa25f6e389ff7b{\nmargin-top:0px;\nmargin-bottom:15px;\n}\n.responsive #top #wrap_all .flex_column.av-11isq-add420c6c2b4daecb2aa25f6e389ff7b{\nmargin-top:0px;\nmargin-bottom:15px;\n}\n<\/style>\n<div  class='flex_column av-11isq-add420c6c2b4daecb2aa25f6e389ff7b av_one_half  avia-builder-el-61  el_after_av_one_half  el_before_av_textblock  flex_column_div  column-top-margin'     ><style type=\"text\/css\" data-created_by=\"avia_inline_auto\" id=\"style-css-av-lql4m2kl-912e63f43e15baa136b9d501d03c5c12\">\n.avia-image-container.av-lql4m2kl-912e63f43e15baa136b9d501d03c5c12 img.avia_image{\nbox-shadow:none;\n}\n.avia-image-container.av-lql4m2kl-912e63f43e15baa136b9d501d03c5c12 .av-image-caption-overlay-center{\ncolor:#ffffff;\n}\n<\/style>\n<div  class='avia-image-container av-lql4m2kl-912e63f43e15baa136b9d501d03c5c12 av-styling- avia-align-center  avia-builder-el-62  avia-builder-el-no-sibling '   itemprop=\"image\" itemscope=\"itemscope\" itemtype=\"https:\/\/schema.org\/ImageObject\" ><div class=\"avia-image-container-inner\"><div class=\"avia-image-overlay-wrap\"><img decoding=\"async\" fetchpriority=\"high\" class='wp-image-253 avia-img-lazy-loading-not-253 avia_image ' src=\"https:\/\/www.om3ktr.sk\/wp-content\/uploads\/2023\/12\/om3ktr_12.jpg\" alt='' title='om3ktr_12'  height=\"600\" width=\"800\"  itemprop=\"thumbnailUrl\"  \/><\/div><\/div><\/div><\/div>\n\n<style type=\"text\/css\" data-created_by=\"avia_inline_auto\" id=\"style-css-av-lql4r25n-b8367f94c64919a92c6095a25602f5fd\">\n#top .av_textblock_section.av-lql4r25n-b8367f94c64919a92c6095a25602f5fd .avia_textblock{\ntext-align:justify;\n}\n<\/style>\n<section  class='av_textblock_section av-lql4r25n-b8367f94c64919a92c6095a25602f5fd '   itemscope=\"itemscope\" itemtype=\"https:\/\/schema.org\/CreativeWork\" ><div class='avia_textblock'  itemprop=\"text\" ><p><strong>7. okt\u00f3bra 2008 sa \u010dlenovia OM3KTR po 12-tich rokoch op\u00e4\u0165 do\u010dkali svojej vlastnej klubovej miestnosti. V\u010faka na\u0161mu sponzorovi sme z\u00edskali do bezplatn\u00e9ho u\u017e\u00edvania miestnost a socialne zariadenie vr\u00e1tane energii v hoteli Nukleon na ulici J. Bottu 2. Miestnos\u0165 sa nach\u00e1dza na 10. poschod\u00ed s neobmedzen\u00edm pr\u00edstupom na strechu budovi.<\/strong><\/p>\n<\/div><\/section>\n\n<style type=\"text\/css\" data-created_by=\"avia_inline_auto\" id=\"style-css-av-lql55x7u-879902266e329b6153f287ee39233bc6\">\n#top .avia-gallery.av-lql55x7u-879902266e329b6153f287ee39233bc6 .avia-gallery-thumb a{\nwidth:16.6667%;\n}\n<\/style>\n<div  class='avia-gallery av-lql55x7u-879902266e329b6153f287ee39233bc6 avia_animate_when_visible  avia-builder-el-64  el_after_av_textblock  el_before_av_textblock  avia_lazyload avia-gallery-animate avia-gallery-3'  itemprop=\"image\" itemscope=\"itemscope\" itemtype=\"https:\/\/schema.org\/ImageObject\" ><meta itemprop=\"contentURL\" content=\"https:\/\/www.om3ktr.sk\/index.php\/historia\/\"><div class='avia-gallery-thumb'><a href=\"https:\/\/www.om3ktr.sk\/wp-content\/uploads\/2023\/12\/kt11.jpg\" data-rel='gallery-3' data-prev-img='https:\/\/www.om3ktr.sk\/wp-content\/uploads\/2023\/12\/kt11.jpg' class='first_thumb lightbox ' data-onclick='1' title=''  itemprop=\"thumbnailUrl\"  ><img decoding=\"async\" fetchpriority=\"high\" class=\"wp-image-260 avia-img-lazy-loading-not-260\"   src=\"https:\/\/www.om3ktr.sk\/wp-content\/uploads\/2023\/12\/kt11.jpg\" width=\"247\" height=\"185\"  title='' alt='' \/><div class='big-prev-fake'><img decoding=\"async\" loading=\"lazy\" class=\"wp-image-260 avia-img-lazy-loading-260\"  width=\"495\" height=\"371\" src=\"https:\/\/www.om3ktr.sk\/wp-content\/uploads\/2023\/12\/kt11.jpg\" title='' alt='' \/><\/div><\/a><a href=\"https:\/\/www.om3ktr.sk\/wp-content\/uploads\/2023\/12\/kt10.jpg\" data-rel='gallery-3' data-prev-img='https:\/\/www.om3ktr.sk\/wp-content\/uploads\/2023\/12\/kt10.jpg' class='lightbox ' data-onclick='2' title=''  itemprop=\"thumbnailUrl\"  ><img decoding=\"async\" fetchpriority=\"high\" class=\"wp-image-261 avia-img-lazy-loading-not-261\"   src=\"https:\/\/www.om3ktr.sk\/wp-content\/uploads\/2023\/12\/kt10.jpg\" width=\"247\" height=\"185\"  title='' alt='' \/><div class='big-prev-fake'><img decoding=\"async\" loading=\"lazy\" class=\"wp-image-261 avia-img-lazy-loading-261\"  width=\"495\" height=\"371\" src=\"https:\/\/www.om3ktr.sk\/wp-content\/uploads\/2023\/12\/kt10.jpg\" title='' alt='' \/><\/div><\/a><a href=\"https:\/\/www.om3ktr.sk\/wp-content\/uploads\/2023\/12\/kt9.jpg\" data-rel='gallery-3' data-prev-img='https:\/\/www.om3ktr.sk\/wp-content\/uploads\/2023\/12\/kt9.jpg' class='lightbox ' data-onclick='3' title=''  itemprop=\"thumbnailUrl\"  ><img decoding=\"async\" fetchpriority=\"high\" class=\"wp-image-262 avia-img-lazy-loading-not-262\"   src=\"https:\/\/www.om3ktr.sk\/wp-content\/uploads\/2023\/12\/kt9.jpg\" width=\"247\" height=\"185\"  title='' alt='' \/><div class='big-prev-fake'><img decoding=\"async\" loading=\"lazy\" class=\"wp-image-262 avia-img-lazy-loading-262\"  width=\"495\" height=\"371\" src=\"https:\/\/www.om3ktr.sk\/wp-content\/uploads\/2023\/12\/kt9.jpg\" title='' alt='' \/><\/div><\/a><a href=\"https:\/\/www.om3ktr.sk\/wp-content\/uploads\/2023\/12\/kt5.jpg\" data-rel='gallery-3' data-prev-img='https:\/\/www.om3ktr.sk\/wp-content\/uploads\/2023\/12\/kt5.jpg' class='lightbox ' data-onclick='4' title=''  itemprop=\"thumbnailUrl\"  ><img decoding=\"async\" fetchpriority=\"high\" class=\"wp-image-265 avia-img-lazy-loading-not-265\"   src=\"https:\/\/www.om3ktr.sk\/wp-content\/uploads\/2023\/12\/kt5.jpg\" width=\"247\" height=\"185\"  title='' alt='' \/><div class='big-prev-fake'><img decoding=\"async\" loading=\"lazy\" class=\"wp-image-265 avia-img-lazy-loading-265\"  width=\"495\" height=\"371\" src=\"https:\/\/www.om3ktr.sk\/wp-content\/uploads\/2023\/12\/kt5.jpg\" title='' alt='' \/><\/div><\/a><a href=\"https:\/\/www.om3ktr.sk\/wp-content\/uploads\/2023\/12\/kt8.jpg\" data-rel='gallery-3' data-prev-img='https:\/\/www.om3ktr.sk\/wp-content\/uploads\/2023\/12\/kt8.jpg' class='lightbox ' data-onclick='5' title=''  itemprop=\"thumbnailUrl\"  ><img decoding=\"async\" fetchpriority=\"high\" class=\"wp-image-263 avia-img-lazy-loading-not-263\"   src=\"https:\/\/www.om3ktr.sk\/wp-content\/uploads\/2023\/12\/kt8.jpg\" width=\"247\" height=\"185\"  title='' alt='' \/><div class='big-prev-fake'><img decoding=\"async\" loading=\"lazy\" class=\"wp-image-263 avia-img-lazy-loading-263\"  width=\"495\" height=\"371\" src=\"https:\/\/www.om3ktr.sk\/wp-content\/uploads\/2023\/12\/kt8.jpg\" title='' alt='' \/><\/div><\/a><a href=\"https:\/\/www.om3ktr.sk\/wp-content\/uploads\/2023\/12\/kt7.jpg\" data-rel='gallery-3' data-prev-img='https:\/\/www.om3ktr.sk\/wp-content\/uploads\/2023\/12\/kt7.jpg' class='lightbox ' data-onclick='6' title=''  itemprop=\"thumbnailUrl\"  ><img decoding=\"async\" fetchpriority=\"high\" class=\"wp-image-264 avia-img-lazy-loading-not-264\"   src=\"https:\/\/www.om3ktr.sk\/wp-content\/uploads\/2023\/12\/kt7.jpg\" width=\"247\" height=\"185\"  title='' alt='' \/><div class='big-prev-fake'><img decoding=\"async\" loading=\"lazy\" class=\"wp-image-264 avia-img-lazy-loading-264\"  width=\"495\" height=\"371\" src=\"https:\/\/www.om3ktr.sk\/wp-content\/uploads\/2023\/12\/kt7.jpg\" title='' alt='' \/><\/div><\/a><\/div><\/div>\n<section  class='av_textblock_section av-lql5f2ij-3c0aafc2c4b44663fb1c95d5f028e9fc '   itemscope=\"itemscope\" itemtype=\"https:\/\/schema.org\/CreativeWork\" ><div class='avia_textblock'  itemprop=\"text\" ><p>1. novembra 2008 sme sl\u00e1vnostne zah\u00e1jili z\u00e1vodn\u00fa sez\u00f3nu z nov\u00e9ho QTH. Tieklo aj \u0161ampansk\u00e9&#8230;<\/p>\n<p>Rok ukon\u010dujeme 26. decembra 2008 viano\u010dn\u00fdm z\u00e1vodom.<\/p>\n<p>25. apr\u00edla 2009 sa konala v\u00fdro\u010dn\u00e1 \u010dlensk\u00e1 sch\u00f4dza Ob\u010diansk\u00e9ho zdru\u017eenia R\u00e1dioklub OM3KTR Trnava.<\/p>\n<p>27. marca 2010 sa konala v\u00fdro\u010dn\u00e1 \u010dlensk\u00e1 sch\u00f4dza Ob\u010diansk\u00e9ho zdru\u017eenia R\u00e1dioklub OM3KTR Trnava.<\/p>\n<p>V roku 2011 si pripom\u00edname 60. v\u00fdro\u010die zalo\u017eenia klubovej stanice OM3KTR.<\/p>\n<p>V roku 2013 si pripom\u00edname 60. v\u00fdro\u010die zalo\u017denia klubovej stanice OK3KHM.<\/p>\n<\/div><\/section>\n\n<style type=\"text\/css\" data-created_by=\"avia_inline_auto\" id=\"style-css-av-16jfi-496f6689a877902057286af9b115dd01\">\n#top .avia-gallery.av-16jfi-496f6689a877902057286af9b115dd01 .avia-gallery-thumb a{\nwidth:50%;\n}\n<\/style>\n<div  class='avia-gallery av-16jfi-496f6689a877902057286af9b115dd01 avia_animate_when_visible  avia-builder-el-66  el_after_av_textblock  el_before_av_textblock  avia_lazyload avia-gallery-animate avia-gallery-4'  itemprop=\"image\" itemscope=\"itemscope\" itemtype=\"https:\/\/schema.org\/ImageObject\" ><meta itemprop=\"contentURL\" content=\"https:\/\/www.om3ktr.sk\/index.php\/historia\/\"><div class='avia-gallery-thumb'><a href=\"https:\/\/www.om3ktr.sk\/wp-content\/uploads\/2023\/12\/vyrocie_OK3KHM.jpg\" data-rel='gallery-4' data-prev-img='https:\/\/www.om3ktr.sk\/wp-content\/uploads\/2023\/12\/vyrocie_OK3KHM.jpg' class='first_thumb lightbox ' data-onclick='1' title='vyrocie_OK3KHM'  itemprop=\"thumbnailUrl\"  ><img decoding=\"async\" fetchpriority=\"high\" class=\"wp-image-286 avia-img-lazy-loading-not-286\"   src=\"https:\/\/www.om3ktr.sk\/wp-content\/uploads\/2023\/12\/vyrocie_OK3KHM.jpg\" width=\"495\" height=\"362\"  title='vyrocie_OK3KHM' alt='' \/><div class='big-prev-fake'><img decoding=\"async\" loading=\"lazy\" class=\"wp-image-286 avia-img-lazy-loading-286\"  width=\"495\" height=\"362\" src=\"https:\/\/www.om3ktr.sk\/wp-content\/uploads\/2023\/12\/vyrocie_OK3KHM.jpg\" title='vyrocie_OK3KHM' alt='' \/><\/div><\/a><a href=\"https:\/\/www.om3ktr.sk\/wp-content\/uploads\/2023\/12\/vyrocie_OK3KTR.jpg\" data-rel='gallery-4' data-prev-img='https:\/\/www.om3ktr.sk\/wp-content\/uploads\/2023\/12\/vyrocie_OK3KTR.jpg' class='lightbox ' data-onclick='2' title='vyrocie_OK3KTR'  itemprop=\"thumbnailUrl\"  ><img decoding=\"async\" fetchpriority=\"high\" class=\"wp-image-287 avia-img-lazy-loading-not-287\"   src=\"https:\/\/www.om3ktr.sk\/wp-content\/uploads\/2023\/12\/vyrocie_OK3KTR.jpg\" width=\"495\" height=\"362\"  title='vyrocie_OK3KTR' alt='' \/><div class='big-prev-fake'><img decoding=\"async\" loading=\"lazy\" class=\"wp-image-287 avia-img-lazy-loading-287\"  width=\"495\" height=\"362\" src=\"https:\/\/www.om3ktr.sk\/wp-content\/uploads\/2023\/12\/vyrocie_OK3KTR.jpg\" title='vyrocie_OK3KTR' alt='' \/><\/div><\/a><\/div><\/div>\n\n<style type=\"text\/css\" data-created_by=\"avia_inline_auto\" id=\"style-css-av-lql6l4mg-3f44de94db9bb006c1a131a12883d010\">\n#top .av_textblock_section.av-lql6l4mg-3f44de94db9bb006c1a131a12883d010 .avia_textblock{\ntext-align:justify;\n}\n<\/style>\n<section  class='av_textblock_section av-lql6l4mg-3f44de94db9bb006c1a131a12883d010 '   itemscope=\"itemscope\" itemtype=\"https:\/\/schema.org\/CreativeWork\" ><div class='avia_textblock'  itemprop=\"text\" ><p>13. apr\u00edla 2013 sa konala sch\u00f4dza Ob\u010diansk\u00e9ho zdru\u017eenia R\u00e1dioklub OM3KTR Trnava. Predseda Ob\u010diansk\u00e9ho zdru\u017eenia a VO OM3KTR J\u00e1n T\u0151r\u0151k OM3TC sa vzdal funkcie predsedu Ob\u010diansk\u00e9ho zdru\u017eenia a VO OM3KTR. Funkciu VO prebral Peter Vicen\u00edk OM3PV.<\/p>\n<\/div><\/section>\n","protected":false},"excerpt":{"rendered":"","protected":false},"author":1,"featured_media":0,"parent":0,"menu_order":0,"comment_status":"closed","ping_status":"closed","template":"","meta":{"footnotes":""},"class_list":["post-34","page","type-page","status-publish","hentry"],"_links":{"self":[{"href":"https:\/\/www.om3ktr.sk\/index.php\/wp-json\/wp\/v2\/pages\/34","targetHints":{"allow":["GET"]}}],"collection":[{"href":"https:\/\/www.om3ktr.sk\/index.php\/wp-json\/wp\/v2\/pages"}],"about":[{"href":"https:\/\/www.om3ktr.sk\/index.php\/wp-json\/wp\/v2\/types\/page"}],"author":[{"embeddable":true,"href":"https:\/\/www.om3ktr.sk\/index.php\/wp-json\/wp\/v2\/users\/1"}],"replies":[{"embeddable":true,"href":"https:\/\/www.om3ktr.sk\/index.php\/wp-json\/wp\/v2\/comments?post=34"}],"version-history":[{"count":130,"href":"https:\/\/www.om3ktr.sk\/index.php\/wp-json\/wp\/v2\/pages\/34\/revisions"}],"predecessor-version":[{"id":292,"href":"https:\/\/www.om3ktr.sk\/index.php\/wp-json\/wp\/v2\/pages\/34\/revisions\/292"}],"wp:attachment":[{"href":"https:\/\/www.om3ktr.sk\/index.php\/wp-json\/wp\/v2\/media?parent=34"}],"curies":[{"name":"wp","href":"https:\/\/api.w.org\/{rel}","templated":true}]}}